{"id":25876,"date":"2024-05-14T11:31:10","date_gmt":"2024-05-14T09:31:10","guid":{"rendered":"https:\/\/www.spectrumsolar.nl\/?page_id=25876"},"modified":"2026-02-05T09:36:04","modified_gmt":"2026-02-05T08:36:04","slug":"ausstellung","status":"publish","type":"page","link":"https:\/\/www.123-kaminofen.de\/deutsch\/ausstellung\/","title":{"rendered":"Ausstellung"},"content":{"rendered":"\t\t<div data-elementor-type=\"wp-page\" data-elementor-id=\"25876\" class=\"elementor elementor-25876\">\n\t\t\t\t\t\t<section class=\"wd-negative-gap elementor-section elementor-top-section elementor-element elementor-element-e77a0f6 wd-section-stretch elementor-section-height-min-height elementor-section-boxed elementor-section-height-default elementor-section-items-middle\" data-id=\"e77a0f6\" data-element_type=\"section\" data-settings=\"{&quot;background_background&quot;:&quot;slideshow&quot;,&quot;background_slideshow_gallery&quot;:[{&quot;id&quot;:22527,&quot;url&quot;:&quot;http:\\\/\\\/www.spectrumsolar.nl\\\/wp-content\\\/uploads\\\/2024\\\/01\\\/Banner_showroom_kachels.jpg&quot;}],&quot;background_slideshow_loop&quot;:&quot;yes&quot;,&quot;background_slideshow_slide_duration&quot;:5000,&quot;background_slideshow_slide_transition&quot;:&quot;fade&quot;,&quot;background_slideshow_transition_duration&quot;:500}\">\n\t\t\t\t\t\t\t<div class=\"elementor-background-overlay\"><\/div>\n\t\t\t\t\t\t\t<div class=\"elementor-container elementor-column-gap-default\">\n\t\t\t\t\t<div class=\"elementor-column elementor-col-50 elementor-top-column elementor-element elementor-element-de71ff3\" data-id=\"de71ff3\" data-element_type=\"column\">\n\t\t\t<div class=\"elementor-widget-wrap elementor-element-populated\">\n\t\t\t\t\t\t<div class=\"elementor-element elementor-element-76b9189 wd-width-100 elementor-widget elementor-widget-wd_title\" data-id=\"76b9189\" data-element_type=\"widget\" data-widget_type=\"wd_title.default\">\n\t\t\t\t<div class=\"elementor-widget-container\">\n\t\t\t\t\t\t\t<div class=\"title-wrapper wd-set-mb reset-last-child wd-title-color-primary wd-title-style-default wd-title-size-large text-left\">\n\n\t\t\t\n\t\t\t<div class=\"liner-continer\">\n\t\t\t\t<h4 class=\"woodmart-title-container title wd-fontsize-xxl\">Unsere Ausstellung<\/h4> \n\t\t\t\t\t\t\t<\/div>\n\n\t\t\t\t\t\t\t<div class=\"title-after_title reset-last-child wd-fontsize-s\">\n\t\t\t\t\t<p>Den besten Eindruck von unseren Produkten und unserem Unternehmen erhalten Sie in unserem Ausstellungsraum. Hier k\u00f6nnen Sie nicht nur eine umfangreiche Kollektion von Kamin- und Pellet\u00f6fen bewundern, sondern sich auch f\u00fcr verschiedene nachhaltige Installationen inspirieren lassen.<\/p>\t\t\t\t<\/div>\n\t\t\t\t\t<\/div>\n\t\t\t\t\t\t<\/div>\n\t\t\t\t<\/div>\n\t\t\t\t\t<\/div>\n\t\t<\/div>\n\t\t\t\t<div class=\"elementor-column elementor-col-50 elementor-top-column elementor-element elementor-element-7cd9713\" data-id=\"7cd9713\" data-element_type=\"column\">\n\t\t\t<div class=\"elementor-widget-wrap elementor-element-populated\">\n\t\t\t\t\t\t<div class=\"elementor-element elementor-element-e285d4f elementor-widget elementor-widget-wd_image_or_svg\" data-id=\"e285d4f\" data-element_type=\"widget\" data-widget_type=\"wd_image_or_svg.default\">\n\t\t\t\t<div class=\"elementor-widget-container\">\n\t\t\t\t\t\n\t\t<div class=\"wd-image text-center\">\n\t\t\t\t\t\t\t<a  href=\"https:\/\/www.google.com\/maps\/place\/123-Kaminofen\/@52.4981005,6.8538366,3a,75y,155.55h,76.56t\/data=!3m6!1e1!3m4!1sAF1QipN9NYn43xHanETxakqGT4UxzADMdFX2MyGOvRs_!2e10!7i7680!8i3840!4m9!3m8!1s0x47b81d51458f1b93:0x6c4f98c2045f8194!8m2!3d52.4980449!4d6.853932!10e5!14m1!1BCgIgARICGAI!16s%2Fg%2F11cnbr7jmy?coh=205409&#038;entry=ttu\" target=\"_blank\" aria-label=\"Image link\">\n\t\t\t\t\t\t\t\t<img decoding=\"async\" width=\"328\" height=\"138\" src=\"https:\/\/www.123-kaminofen.de\/deutsch\/wp-content\/uploads\/2024\/05\/Tour-123-Kaminofen.png\" class=\"attachment-full size-full\" alt=\"Sind Sie neugierig auf unser Gesch\u00e4ft? Werfen Sie einen Blick dank unseres virtuellen Rundgangs!\" srcset=\"https:\/\/www.123-kaminofen.de\/deutsch\/wp-content\/uploads\/2024\/05\/Tour-123-Kaminofen.png 328w, https:\/\/www.123-kaminofen.de\/deutsch\/wp-content\/uploads\/2024\/05\/Tour-123-Kaminofen-150x63.png 150w\" sizes=\"(max-width: 328px) 100vw, 328px\" \/>\t\t\t\t\t\t\t<\/a>\n\t\t\t\t\t<\/div>\n\n\t\t\t\t\t\t<\/div>\n\t\t\t\t<\/div>\n\t\t\t\t\t<\/div>\n\t\t<\/div>\n\t\t\t\t\t<\/div>\n\t\t<\/section>\n\t\t\t\t<section class=\"wd-negative-gap elementor-section elementor-top-section elementor-element elementor-element-923c7fb elementor-section-boxed elementor-section-height-default elementor-section-height-default\" data-id=\"923c7fb\" data-element_type=\"section\">\n\t\t\t\t\t\t<div class=\"elementor-container elementor-column-gap-default\">\n\t\t\t\t\t<div class=\"elementor-column elementor-col-100 elementor-top-column elementor-element elementor-element-29ae059\" data-id=\"29ae059\" data-element_type=\"column\">\n\t\t\t<div class=\"elementor-widget-wrap elementor-element-populated\">\n\t\t\t\t\t\t<div class=\"elementor-element elementor-element-66f921b wd-el-breadcrumbs text-left elementor-widget elementor-widget-wd_wc_breadcrumb\" data-id=\"66f921b\" data-element_type=\"widget\" data-widget_type=\"wd_wc_breadcrumb.default\">\n\t\t\t\t<div class=\"elementor-widget-container\">\n\t\t\t\t\t<nav class=\"wd-breadcrumbs woocommerce-breadcrumb\" aria-label=\"Breadcrumb\">\t\t\t\t<span class=\"wd-last\">\n\t\t\t\t\tStart\t\t\t\t<\/span>\n\t\t\t<\/nav>\t\t\t\t<\/div>\n\t\t\t\t<\/div>\n\t\t\t\t\t<\/div>\n\t\t<\/div>\n\t\t\t\t\t<\/div>\n\t\t<\/section>\n\t\t\t\t<section class=\"wd-negative-gap elementor-section elementor-top-section elementor-element elementor-element-07a2b49 elementor-section-boxed elementor-section-height-default elementor-section-height-default\" data-id=\"07a2b49\" data-element_type=\"section\">\n\t\t\t\t\t\t<div class=\"elementor-container elementor-column-gap-default\">\n\t\t\t\t\t<div class=\"elementor-column elementor-col-33 elementor-top-column elementor-element elementor-element-8cd0a3d\" data-id=\"8cd0a3d\" data-element_type=\"column\">\n\t\t\t<div class=\"elementor-widget-wrap elementor-element-populated\">\n\t\t\t\t\t\t<div class=\"elementor-element elementor-element-ae0d309 wd-width-100 elementor-widget elementor-widget-wd_title\" data-id=\"ae0d309\" data-element_type=\"widget\" data-widget_type=\"wd_title.default\">\n\t\t\t\t<div class=\"elementor-widget-container\">\n\t\t\t\t\t\t\t<div class=\"title-wrapper wd-set-mb reset-last-child wd-title-color-default wd-title-style-default wd-title-size-default text-left\">\n\n\t\t\t\n\t\t\t<div class=\"liner-continer\">\n\t\t\t\t<h4 class=\"woodmart-title-container title wd-fontsize-l\">123-Kaminofen<\/h4> \n\t\t\t\t\t\t\t<\/div>\n\n\t\t\t\t\t\t\t<div class=\"title-after_title reset-last-child wd-fontsize-xs\">\n\t\t\t\t\t<p>Willkommen in unserem Ausstellungsraum in Uelsen, gleich hinter der Grenze bei Hardenberg! Hier k\u00f6nnen Sie eine breite Palette von Produkten ansehen und vergleichen, von Holz- und Pellet\u00f6fen bis hin zu W\u00e4rmepumpenkesseln, Solarkesseln und W\u00e4rmepumpen. Wir haben alles, was Sie brauchen, um Ihr Haus nachhaltig und effizient zu heizen.<\/p><p>Neben dem Vergleich von Produkten bieten wir Ihnen auch eine pers\u00f6nliche Beratung an. Egal, ob Sie schon genau wissen, was Sie suchen, oder ob Sie einfach nur Hilfe bei der Auswahl brauchen, unser Expertenteam hilft Ihnen gerne weiter. Kommen Sie einfach vorbei und entdecken Sie die M\u00f6glichkeiten!<\/p>\t\t\t\t<\/div>\n\t\t\t\t\t<\/div>\n\t\t\t\t\t\t<\/div>\n\t\t\t\t<\/div>\n\t\t\t\t\t<\/div>\n\t\t<\/div>\n\t\t\t\t<div class=\"elementor-column elementor-col-33 elementor-top-column elementor-element elementor-element-19ea809\" data-id=\"19ea809\" data-element_type=\"column\">\n\t\t\t<div class=\"elementor-widget-wrap elementor-element-populated\">\n\t\t\t\t\t\t<div class=\"elementor-element elementor-element-dfe770a wd-width-100 elementor-widget elementor-widget-wd_title\" data-id=\"dfe770a\" data-element_type=\"widget\" data-widget_type=\"wd_title.default\">\n\t\t\t\t<div class=\"elementor-widget-container\">\n\t\t\t\t\t\t\t<div class=\"title-wrapper wd-set-mb reset-last-child wd-title-color-default wd-title-style-default wd-title-size-default text-left\">\n\n\t\t\t\n\t\t\t<div class=\"liner-continer\">\n\t\t\t\t<h4 class=\"woodmart-title-container title wd-fontsize-l\">Die \u00d6ffnungszeiten<\/h4> \n\t\t\t\t\t\t\t<\/div>\n\n\t\t\t\t\t\t\t<div class=\"title-after_title reset-last-child wd-fontsize-xs\">\n\t\t\t\t\t<p>Besuchen Sie unseren Ausstellungsraum am:<\/p><p><strong>Mo : <\/strong>08.00 - 12.30 &amp; 13.15 - 17.00<br \/><strong>Di : <\/strong>Geschlossen (<em>Auf Termin ge\u00f6ffnet<\/em>)\u00a0<br \/><strong>Mi : <\/strong>08.00 - 12.30 &amp; 13.15 - 17.00<br \/><strong>Do :<\/strong>Geschlossen (<em>Auf Termin ge\u00f6ffnet<\/em>)\u00a0<br \/><strong>Fr : <\/strong>08.00 - 12.30 &amp; 13.15 - 17.00<\/p><p><strong>Samstag: <\/strong>Geschlossen<\/p><p><strong>Sonntag:<\/strong> Geschlossen<\/p>\t\t\t\t<\/div>\n\t\t\t\t\t<\/div>\n\t\t\t\t\t\t<\/div>\n\t\t\t\t<\/div>\n\t\t\t\t<div class=\"elementor-element elementor-element-1778eb2 elementor-widget elementor-widget-wd_button\" data-id=\"1778eb2\" data-element_type=\"widget\" data-widget_type=\"wd_button.default\">\n\t\t\t\t<div class=\"elementor-widget-container\">\n\t\t\t\t\t\t\t<div class=\"wd-button-wrapper text-left\" >\n\t\t\t<a class=\"btn btn-style-default btn-shape-rectangle btn-size-default btn-color-alt btn-icon-pos-right\"  href=\"https:\/\/www.123-kaminofen.de\/deutsch\/kontakt\/\" target=\"_blank\">\n\t\t\t\t<span class=\"wd-btn-text\" data-elementor-setting-key=\"text\">\n\t\t\t\t\tAbweichende \u00d6ffnungszeiten\t\t\t\t<\/span>\n\n\t\t\t\t\t\t\t<\/a>\n\t\t<\/div>\n\t\t\t\t\t\t<\/div>\n\t\t\t\t<\/div>\n\t\t\t\t\t<\/div>\n\t\t<\/div>\n\t\t\t\t<div class=\"elementor-column elementor-col-33 elementor-top-column elementor-element elementor-element-a5ba697\" data-id=\"a5ba697\" data-element_type=\"column\" data-settings=\"{&quot;background_background&quot;:&quot;classic&quot;}\">\n\t\t\t<div class=\"elementor-widget-wrap elementor-element-populated\">\n\t\t\t\t\t\t<div class=\"elementor-element elementor-element-7b74ec6 wd-width-100 elementor-widget elementor-widget-wd_title\" data-id=\"7b74ec6\" data-element_type=\"widget\" data-widget_type=\"wd_title.default\">\n\t\t\t\t<div class=\"elementor-widget-container\">\n\t\t\t\t\t\t\t<div class=\"title-wrapper wd-set-mb reset-last-child wd-title-color-default wd-title-style-default wd-title-size-default text-left\">\n\n\t\t\t\n\t\t\t<div class=\"liner-continer\">\n\t\t\t\t<h4 class=\"woodmart-title-container title wd-fontsize-l\">Angaben zur Adresse<\/h4> \n\t\t\t\t\t\t\t<\/div>\n\n\t\t\t\t\t\t\t<div class=\"title-after_title reset-last-child wd-fontsize-xs\">\n\t\t\t\t\t<p><strong>123-Kaminofen<\/strong><\/p><p>Kuperstra\u00dfe 1<\/p><p>49843 Uelsen, Deutschland<\/p>\t\t\t\t<\/div>\n\t\t\t\t\t<\/div>\n\t\t\t\t\t\t<\/div>\n\t\t\t\t<\/div>\n\t\t\t\t<div class=\"elementor-element elementor-element-0a6c565 elementor-widget elementor-widget-wd_button\" data-id=\"0a6c565\" data-element_type=\"widget\" data-widget_type=\"wd_button.default\">\n\t\t\t\t<div class=\"elementor-widget-container\">\n\t\t\t\t\t\t\t<div class=\"wd-button-wrapper text-left\" >\n\t\t\t<a class=\"btn btn-style-default btn-shape-rectangle btn-size-default btn-color-white btn-icon-pos-right\"  href=\"https:\/\/www.google.de\/maps\/dir\/\/123-Kaminofen,+Kupferstra%C3%9Fe+1,+49843+Uelsen\/@52.4980481,6.8513571,17z\/data=!4m9!4m8!1m0!1m5!1m1!1s0x47b81d51458f1b93:0x6c4f98c2045f8194!2m2!1d6.853932!2d52.4980449!3e0?hl=nl&#038;entry=ttu\" target=\"_blank\">\n\t\t\t\t<span class=\"wd-btn-text\" data-elementor-setting-key=\"text\">\n\t\t\t\t\tAnfahrt \u00fcber Google Maps\t\t\t\t<\/span>\n\n\t\t\t\t\t\t\t<\/a>\n\t\t<\/div>\n\t\t\t\t\t\t<\/div>\n\t\t\t\t<\/div>\n\t\t\t\t<div class=\"elementor-element elementor-element-4003d8d wd-width-100 elementor-widget elementor-widget-wd_title\" data-id=\"4003d8d\" data-element_type=\"widget\" data-widget_type=\"wd_title.default\">\n\t\t\t\t<div class=\"elementor-widget-container\">\n\t\t\t\t\t\t\t<div class=\"title-wrapper wd-set-mb reset-last-child wd-title-color-default wd-title-style-default wd-title-size-default text-left\">\n\n\t\t\t\n\t\t\t<div class=\"liner-continer\">\n\t\t\t\t<h4 class=\"woodmart-title-container title wd-fontsize-l\">Kontakt<\/h4> \n\t\t\t\t\t\t\t<\/div>\n\n\t\t\t\t\t<\/div>\n\t\t\t\t\t\t<\/div>\n\t\t\t\t<\/div>\n\t\t\t\t<div class=\"elementor-element elementor-element-7581717 elementor-widget elementor-widget-wd_list\" data-id=\"7581717\" data-element_type=\"widget\" data-widget_type=\"wd_list.default\">\n\t\t\t\t<div class=\"elementor-widget-container\">\n\t\t\t\t\t\t\t<ul class=\"wd-list color-scheme-custom wd-fontsize-xs wd-type-image wd-style-default text-left\">\n\t\t\t\t\t\t\t\t\t\t\t<li class=\"elementor-repeater-item-916ae53\">\n\t\t\t\t\t\t\t\t\t\t\t<span class=\"wd-icon\"><img decoding=\"async\" width=\"25\" height=\"15\" src=\"https:\/\/www.123-kaminofen.de\/deutsch\/wp-content\/uploads\/2021\/09\/Vlaggen_0000_DE-25x15.jpg\" class=\"attachment-25x15 size-25x15\" alt=\"\" \/><\/span>\t\t\t\t\t\n\t\t\t\t\t<span class=\"wd-list-content list-content\">\n\t\t\t\t\t\t\t\t\t\t\t\t\t<a  href=\"tel:%20+49%20(0)5942%2098%2099%20888\">\n\t\t\t\t\t\t\t\t<strong>T:<\/strong> +49 (0)5942 98 99 888\t\t\t\t\t\t\t<\/a>\n\t\t\t\t\t\t\t\t\t\t\t<\/span>\n\t\t\t\t<\/li>\n\t\t\t\t\t\t\t\t\t\t\t<li class=\"elementor-repeater-item-bbe0257\">\n\t\t\t\t\t\t\t\t\t\t\t<span class=\"wd-icon\"><img decoding=\"async\" width=\"25\" height=\"15\" src=\"https:\/\/www.123-kaminofen.de\/deutsch\/wp-content\/uploads\/2021\/09\/Vlaggen_0000_DE-25x15.jpg\" class=\"attachment-25x15 size-25x15\" alt=\"\" \/><\/span>\t\t\t\t\t\n\t\t\t\t\t<span class=\"wd-list-content list-content\">\n\t\t\t\t\t\t\t\t\t\t\t\t\t<a  href=\"mailto:info@123-kaminofen.de\">\n\t\t\t\t\t\t\t\t<strong>E:<\/strong> info@123-kaminofen.de\t\t\t\t\t\t\t<\/a>\n\t\t\t\t\t\t\t\t\t\t\t<\/span>\n\t\t\t\t<\/li>\n\t\t\t\t\t<\/ul>\n\n\t\t\t\t\t\t<\/div>\n\t\t\t\t<\/div>\n\t\t\t\t\t<\/div>\n\t\t<\/div>\n\t\t\t\t\t<\/div>\n\t\t<\/section>\n\t\t\t\t<section class=\"wd-negative-gap elementor-section elementor-top-section elementor-element elementor-element-2b423eb0 wd-section-stretch-content elementor-section-boxed elementor-section-height-default elementor-section-height-default\" data-id=\"2b423eb0\" data-element_type=\"section\" data-settings=\"{&quot;background_background&quot;:&quot;classic&quot;}\">\n\t\t\t\t\t\t<div class=\"elementor-container elementor-column-gap-no\">\n\t\t\t\t\t<div class=\"elementor-column elementor-col-100 elementor-top-column elementor-element elementor-element-239020c7\" data-id=\"239020c7\" data-element_type=\"column\">\n\t\t\t<div class=\"elementor-widget-wrap elementor-element-populated\">\n\t\t\t\t\t\t<div class=\"elementor-element elementor-element-728851a7 wd-width-100 elementor-widget elementor-widget-wd_images_gallery\" data-id=\"728851a7\" data-element_type=\"widget\" data-widget_type=\"wd_images_gallery.default\">\n\t\t\t\t<div class=\"elementor-widget-container\">\n\t\t\t\t\t\t\t<div class=\"wd-images-gallery photoswipe-images wd-carousel-container\" style=\"--wd-align-items:center; --wd-justify-content:center;\">\n\t\t\t\t\t\t\t<div class=\"wd-carousel-inner\">\n\t\t\t\t\t\t<div class=\"wd-carousel wd-grid\" style=\"--wd-col-lg:3.5;--wd-col-md:3;--wd-col-sm:1;--wd-gap-lg:6px;\">\n\t\t\t\t\t\t\t\t\t<div class=\"wd-carousel-wrap\">\n\t\t\t\t\t\t\t\t\t\t\t\t\t\t\t\t\t\t<div class=\"wd-gallery-item wd-carousel-item\">\n\t\t\t\t\t\t\t\t\t\t\t\t\t<a  href=\"https:\/\/www.123-kaminofen.de\/deutsch\/wp-content\/uploads\/2024\/05\/Fotos-123-kaminofen_0003_Laag-2-jpg.webp\" data-width=\"1410\" data-height=\"990\" data-index=\"1\" data-elementor-open-lightbox=\"no\">\n\t\t\t\t\t\t\n\t\t\t\t\t\t<img decoding=\"async\" width=\"1410\" height=\"990\" src=\"https:\/\/www.123-kaminofen.de\/deutsch\/wp-content\/uploads\/2024\/05\/Fotos-123-kaminofen_0003_Laag-2-jpg.webp\" class=\"attachment-full size-full\" alt=\"Fotos 123 kaminofen_0003_Laag 2\" srcset=\"https:\/\/www.123-kaminofen.de\/deutsch\/wp-content\/uploads\/2024\/05\/Fotos-123-kaminofen_0003_Laag-2-jpg.webp 1410w, https:\/\/www.123-kaminofen.de\/deutsch\/wp-content\/uploads\/2024\/05\/Fotos-123-kaminofen_0003_Laag-2-400x281.webp 400w, https:\/\/www.123-kaminofen.de\/deutsch\/wp-content\/uploads\/2024\/05\/Fotos-123-kaminofen_0003_Laag-2-1139x800.webp 1139w, https:\/\/www.123-kaminofen.de\/deutsch\/wp-content\/uploads\/2024\/05\/Fotos-123-kaminofen_0003_Laag-2-768x539.webp 768w, https:\/\/www.123-kaminofen.de\/deutsch\/wp-content\/uploads\/2024\/05\/Fotos-123-kaminofen_0003_Laag-2-700x491.webp 700w, https:\/\/www.123-kaminofen.de\/deutsch\/wp-content\/uploads\/2024\/05\/Fotos-123-kaminofen_0003_Laag-2-150x105.webp 150w\" sizes=\"(max-width: 1410px) 100vw, 1410px\" \/>\n\t\t\t\t\t\t\t\t\t\t\t\t\t<\/a>\n\t\t\t\t\t\t\t\t\t\t\t<\/div>\n\t\t\t\t\t\t\t\t\t\t\t\t\t\t\t<div class=\"wd-gallery-item wd-carousel-item\">\n\t\t\t\t\t\t\t\t\t\t\t\t\t<a  href=\"https:\/\/www.123-kaminofen.de\/deutsch\/wp-content\/uploads\/2024\/05\/Fotos-123-kaminofen_0001_Laag-3-jpg.webp\" data-width=\"1410\" data-height=\"990\" data-index=\"2\" data-elementor-open-lightbox=\"no\">\n\t\t\t\t\t\t\n\t\t\t\t\t\t<img decoding=\"async\" width=\"1410\" height=\"990\" src=\"https:\/\/www.123-kaminofen.de\/deutsch\/wp-content\/uploads\/2024\/05\/Fotos-123-kaminofen_0001_Laag-3-jpg.webp\" class=\"attachment-full size-full\" alt=\"Fotos 123 kaminofen_0001_Laag 3\" srcset=\"https:\/\/www.123-kaminofen.de\/deutsch\/wp-content\/uploads\/2024\/05\/Fotos-123-kaminofen_0001_Laag-3-jpg.webp 1410w, https:\/\/www.123-kaminofen.de\/deutsch\/wp-content\/uploads\/2024\/05\/Fotos-123-kaminofen_0001_Laag-3-400x281.webp 400w, https:\/\/www.123-kaminofen.de\/deutsch\/wp-content\/uploads\/2024\/05\/Fotos-123-kaminofen_0001_Laag-3-1139x800.webp 1139w, https:\/\/www.123-kaminofen.de\/deutsch\/wp-content\/uploads\/2024\/05\/Fotos-123-kaminofen_0001_Laag-3-768x539.webp 768w, https:\/\/www.123-kaminofen.de\/deutsch\/wp-content\/uploads\/2024\/05\/Fotos-123-kaminofen_0001_Laag-3-700x491.webp 700w, https:\/\/www.123-kaminofen.de\/deutsch\/wp-content\/uploads\/2024\/05\/Fotos-123-kaminofen_0001_Laag-3-150x105.webp 150w\" sizes=\"(max-width: 1410px) 100vw, 1410px\" \/>\n\t\t\t\t\t\t\t\t\t\t\t\t\t<\/a>\n\t\t\t\t\t\t\t\t\t\t\t<\/div>\n\t\t\t\t\t\t\t\t\t\t\t\t\t\t\t<div class=\"wd-gallery-item wd-carousel-item\">\n\t\t\t\t\t\t\t\t\t\t\t\t\t<a  href=\"https:\/\/www.123-kaminofen.de\/deutsch\/wp-content\/uploads\/2024\/05\/Fotos-123-kaminofen_0000_Laag-4-jpg.webp\" data-width=\"1410\" data-height=\"990\" data-index=\"3\" data-elementor-open-lightbox=\"no\">\n\t\t\t\t\t\t\n\t\t\t\t\t\t<img decoding=\"async\" width=\"1410\" height=\"990\" src=\"https:\/\/www.123-kaminofen.de\/deutsch\/wp-content\/uploads\/2024\/05\/Fotos-123-kaminofen_0000_Laag-4-jpg.webp\" class=\"attachment-full size-full\" alt=\"Fotos 123 kaminofen_0000_Laag 4\" srcset=\"https:\/\/www.123-kaminofen.de\/deutsch\/wp-content\/uploads\/2024\/05\/Fotos-123-kaminofen_0000_Laag-4-jpg.webp 1410w, https:\/\/www.123-kaminofen.de\/deutsch\/wp-content\/uploads\/2024\/05\/Fotos-123-kaminofen_0000_Laag-4-400x281.webp 400w, https:\/\/www.123-kaminofen.de\/deutsch\/wp-content\/uploads\/2024\/05\/Fotos-123-kaminofen_0000_Laag-4-1139x800.webp 1139w, https:\/\/www.123-kaminofen.de\/deutsch\/wp-content\/uploads\/2024\/05\/Fotos-123-kaminofen_0000_Laag-4-768x539.webp 768w, https:\/\/www.123-kaminofen.de\/deutsch\/wp-content\/uploads\/2024\/05\/Fotos-123-kaminofen_0000_Laag-4-700x491.webp 700w, https:\/\/www.123-kaminofen.de\/deutsch\/wp-content\/uploads\/2024\/05\/Fotos-123-kaminofen_0000_Laag-4-150x105.webp 150w\" sizes=\"(max-width: 1410px) 100vw, 1410px\" \/>\n\t\t\t\t\t\t\t\t\t\t\t\t\t<\/a>\n\t\t\t\t\t\t\t\t\t\t\t<\/div>\n\t\t\t\t\t\t\t\t\t\t\t\t\t\t\t<div class=\"wd-gallery-item wd-carousel-item\">\n\t\t\t\t\t\t\t\t\t\t\t\t\t<a  href=\"https:\/\/www.123-kaminofen.de\/deutsch\/wp-content\/uploads\/2024\/05\/Showroom_123-kaminofen-jpg.webp\" data-width=\"1410\" data-height=\"990\" data-index=\"4\" data-elementor-open-lightbox=\"no\">\n\t\t\t\t\t\t\n\t\t\t\t\t\t<img decoding=\"async\" width=\"1410\" height=\"990\" src=\"https:\/\/www.123-kaminofen.de\/deutsch\/wp-content\/uploads\/2024\/05\/Showroom_123-kaminofen-jpg.webp\" class=\"attachment-full size-full\" alt=\"Showroom_123 kaminofen\" srcset=\"https:\/\/www.123-kaminofen.de\/deutsch\/wp-content\/uploads\/2024\/05\/Showroom_123-kaminofen-jpg.webp 1410w, https:\/\/www.123-kaminofen.de\/deutsch\/wp-content\/uploads\/2024\/05\/Showroom_123-kaminofen-400x281.webp 400w, https:\/\/www.123-kaminofen.de\/deutsch\/wp-content\/uploads\/2024\/05\/Showroom_123-kaminofen-1139x800.webp 1139w, https:\/\/www.123-kaminofen.de\/deutsch\/wp-content\/uploads\/2024\/05\/Showroom_123-kaminofen-768x539.webp 768w, https:\/\/www.123-kaminofen.de\/deutsch\/wp-content\/uploads\/2024\/05\/Showroom_123-kaminofen-700x491.webp 700w, https:\/\/www.123-kaminofen.de\/deutsch\/wp-content\/uploads\/2024\/05\/Showroom_123-kaminofen-150x105.webp 150w\" sizes=\"(max-width: 1410px) 100vw, 1410px\" \/>\n\t\t\t\t\t\t\t\t\t\t\t\t\t<\/a>\n\t\t\t\t\t\t\t\t\t\t\t<\/div>\n\t\t\t\t\t\t\t\t\t\t\t\t\t\t\t<div class=\"wd-gallery-item wd-carousel-item\">\n\t\t\t\t\t\t\t\t\t\t\t\t\t<a  href=\"https:\/\/www.123-kaminofen.de\/deutsch\/wp-content\/uploads\/2024\/05\/WP-showroom-jpg.webp\" data-width=\"1410\" data-height=\"990\" data-index=\"5\" data-elementor-open-lightbox=\"no\">\n\t\t\t\t\t\t\n\t\t\t\t\t\t<img decoding=\"async\" width=\"1410\" height=\"990\" src=\"https:\/\/www.123-kaminofen.de\/deutsch\/wp-content\/uploads\/2024\/05\/WP-showroom-jpg.webp\" class=\"attachment-full size-full\" alt=\"Op zoek naar een warmtepomp voor jouw woning? Dan ben je bij 123-Kaminofen aan het juiste adres!\" srcset=\"https:\/\/www.123-kaminofen.de\/deutsch\/wp-content\/uploads\/2024\/05\/WP-showroom-jpg.webp 1410w, https:\/\/www.123-kaminofen.de\/deutsch\/wp-content\/uploads\/2024\/05\/WP-showroom-400x281.webp 400w, https:\/\/www.123-kaminofen.de\/deutsch\/wp-content\/uploads\/2024\/05\/WP-showroom-1139x800.webp 1139w, https:\/\/www.123-kaminofen.de\/deutsch\/wp-content\/uploads\/2024\/05\/WP-showroom-768x539.webp 768w, https:\/\/www.123-kaminofen.de\/deutsch\/wp-content\/uploads\/2024\/05\/WP-showroom-700x491.webp 700w, https:\/\/www.123-kaminofen.de\/deutsch\/wp-content\/uploads\/2024\/05\/WP-showroom-150x105.webp 150w\" sizes=\"(max-width: 1410px) 100vw, 1410px\" \/>\n\t\t\t\t\t\t\t\t\t\t\t\t\t<\/a>\n\t\t\t\t\t\t\t\t\t\t\t<\/div>\n\t\t\t\t\t\t\t\t\t\t\t\t\t\t\t<div class=\"wd-gallery-item wd-carousel-item\">\n\t\t\t\t\t\t\t\t\t\t\t\t\t<a  href=\"https:\/\/www.123-kaminofen.de\/deutsch\/wp-content\/uploads\/2024\/05\/Fotos-123-kaminofen_0002_IMG_2738-jpg.webp\" data-width=\"1410\" data-height=\"990\" data-index=\"6\" data-elementor-open-lightbox=\"no\">\n\t\t\t\t\t\t\n\t\t\t\t\t\t<img decoding=\"async\" width=\"1410\" height=\"990\" src=\"https:\/\/www.123-kaminofen.de\/deutsch\/wp-content\/uploads\/2024\/05\/Fotos-123-kaminofen_0002_IMG_2738-jpg.webp\" class=\"attachment-full size-full\" alt=\"Fotos 123 kaminofen_0002_IMG_2738\" srcset=\"https:\/\/www.123-kaminofen.de\/deutsch\/wp-content\/uploads\/2024\/05\/Fotos-123-kaminofen_0002_IMG_2738-jpg.webp 1410w, https:\/\/www.123-kaminofen.de\/deutsch\/wp-content\/uploads\/2024\/05\/Fotos-123-kaminofen_0002_IMG_2738-400x281.webp 400w, https:\/\/www.123-kaminofen.de\/deutsch\/wp-content\/uploads\/2024\/05\/Fotos-123-kaminofen_0002_IMG_2738-1139x800.webp 1139w, https:\/\/www.123-kaminofen.de\/deutsch\/wp-content\/uploads\/2024\/05\/Fotos-123-kaminofen_0002_IMG_2738-768x539.webp 768w, https:\/\/www.123-kaminofen.de\/deutsch\/wp-content\/uploads\/2024\/05\/Fotos-123-kaminofen_0002_IMG_2738-700x491.webp 700w, https:\/\/www.123-kaminofen.de\/deutsch\/wp-content\/uploads\/2024\/05\/Fotos-123-kaminofen_0002_IMG_2738-150x105.webp 150w\" sizes=\"(max-width: 1410px) 100vw, 1410px\" \/>\n\t\t\t\t\t\t\t\t\t\t\t\t\t<\/a>\n\t\t\t\t\t\t\t\t\t\t\t<\/div>\n\t\t\t\t\t\t\t\t\t\t\t\t\t\t\t\t<\/div>\n\t\t\t\t\t\t\t\t<\/div>\n\t\t\t\t\t\t\t\n\t\t\t\t<\/div>\n\n\t\t\t\t\t\t\t\t\t\t\t\t\t<\/div>\n\t\t\t\t\t\t<\/div>\n\t\t\t\t<\/div>\n\t\t\t\t\t<\/div>\n\t\t<\/div>\n\t\t\t\t\t<\/div>\n\t\t<\/section>\n\t\t\t\t<section class=\"wd-negative-gap elementor-section elementor-top-section elementor-element elementor-element-4c4da18 elementor-section-boxed elementor-section-height-default elementor-section-height-default\" data-id=\"4c4da18\" data-element_type=\"section\">\n\t\t\t\t\t\t<div class=\"elementor-container elementor-column-gap-default\">\n\t\t\t\t\t<div class=\"elementor-column elementor-col-50 elementor-top-column elementor-element elementor-element-418faa1\" data-id=\"418faa1\" data-element_type=\"column\">\n\t\t\t<div class=\"elementor-widget-wrap elementor-element-populated\">\n\t\t\t\t\t\t<div class=\"elementor-element elementor-element-82a86ab wd-width-100 elementor-widget elementor-widget-wd_title\" data-id=\"82a86ab\" data-element_type=\"widget\" data-widget_type=\"wd_title.default\">\n\t\t\t\t<div class=\"elementor-widget-container\">\n\t\t\t\t\t\t\t<div class=\"title-wrapper wd-set-mb reset-last-child wd-title-color-default wd-title-style-default wd-title-size-default text-left\">\n\n\t\t\t\n\t\t\t<div class=\"liner-continer\">\n\t\t\t\t<h4 class=\"woodmart-title-container title wd-fontsize-l\">Ein Auszug aus unserer Produktpalette<\/h4> \n\t\t\t\t\t\t\t<\/div>\n\n\t\t\t\t\t\t\t<div class=\"title-after_title reset-last-child wd-fontsize-xs\">\n\t\t\t\t\t<p>Sie suchen nach der perfekten L\u00f6sung, um Ihr Zuhause zu heizen und zu sch\u00fctzen? Entdecken Sie unser umfangreiches Angebot. Ob Sie sich f\u00fcr ein stilvolles Design oder gro\u00dfe Energieeinsparungen entscheiden, bei uns finden Sie immer die ideale Wahl.<\/p><p>St\u00f6bern Sie in unserem Angebot und finden Sie die Heizung, die zu Ihnen passt!<\/p>\t\t\t\t<\/div>\n\t\t\t\t\t<\/div>\n\t\t\t\t\t\t<\/div>\n\t\t\t\t<\/div>\n\t\t\t\t\t<\/div>\n\t\t<\/div>\n\t\t\t\t<div class=\"elementor-column elementor-col-50 elementor-top-column elementor-element elementor-element-1df015d\" data-id=\"1df015d\" data-element_type=\"column\">\n\t\t\t<div class=\"elementor-widget-wrap elementor-element-populated\">\n\t\t\t\t\t\t<div class=\"elementor-element elementor-element-ef14c29 wd-width-100 wd-nav-accordion-mb-on elementor-widget elementor-widget-wd_product_categories\" data-id=\"ef14c29\" data-element_type=\"widget\" data-widget_type=\"wd_product_categories.default\">\n\t\t\t\t<div class=\"elementor-widget-container\">\n\t\t\t\t\t\t\t\t\t\t\t\t\t\t\n\t\t\t\t<div class=\"wd-cats products columns-3.5 wd-cats-element wd-carousel-container\" id=\"carousel-69f780a5da46d\">\n\t\t\t\t\t<div class=\"wd-carousel-inner\">\n\t\t\t\t\t\t<div class=\"wd-carousel wd-grid\" style=\"--wd-col-lg:3.5;--wd-col-md:3;--wd-col-sm:2;--wd-gap-lg:20px;--wd-gap-sm:10px;\">\n\t\t\t\t\t\t\t<div class=\"wd-carousel-wrap\">\n\t\t\t\t\t\t\t\t\t\t\t\t\t\t\t\t\t<div class=\"wd-carousel-item\">\n\t\t\t\t\t\t\t\t\t\t\n<div class=\"category-grid-item wd-cat cat-design-center without-product-count wd-with-subcat product-category product first\" data-loop=\"1\">\n\t\n\t<div class=\"wd-cat-inner wrapp-category\">\n\t\t<div class=\"wd-cat-thumb category-image-wrapp\">\n\t\t\t<a class=\"wd-cat-image category-image\" href=\"https:\/\/www.123-kaminofen.de\/deutsch\/kat\/wasserfuhrende-ofen\/\" aria-label=\"Wasserf\u00fchrend\">\n\t\t\t\t\n\t\t\t\t<img decoding=\"async\" width=\"250\" height=\"250\" src=\"https:\/\/www.123-kaminofen.de\/deutsch\/wp-content\/uploads\/2023\/05\/07.-CV-Kachels.jpg\" class=\"attachment-medium size-medium\" alt=\"\" srcset=\"https:\/\/www.123-kaminofen.de\/deutsch\/wp-content\/uploads\/2023\/05\/07.-CV-Kachels.jpg 250w, https:\/\/www.123-kaminofen.de\/deutsch\/wp-content\/uploads\/2023\/05\/07.-CV-Kachels-150x150.jpg 150w\" sizes=\"(max-width: 250px) 100vw, 250px\" \/>\t\t\t<\/a>\n\t\t<\/div>\n\t\t<div class=\"wd-cat-content hover-mask\">\n\t\t\t<h3 class=\"wd-entities-title\">\n\t\t\t\tWasserf\u00fchrend\t\t\t<\/h3>\n\n\t\t\t\n\t\t\t\t\t<\/div>\n\n\t\t\t\t<a class=\"wd-fill category-link\" href=\"https:\/\/www.123-kaminofen.de\/deutsch\/kat\/wasserfuhrende-ofen\/\" aria-label=\"Product category wasserfuhrende-ofen\"><\/a>\n\t\t\t<\/div>\n\n\t<\/div>\n\t\t\t\t\t\t\t\t\t<\/div>\n\t\t\t\t\t\t\t\t\t\t\t\t\t\t\t\t\t<div class=\"wd-carousel-item\">\n\t\t\t\t\t\t\t\t\t\t\n<div class=\"category-grid-item wd-cat cat-design-center without-product-count wd-with-subcat product-category product\" data-loop=\"2\">\n\t\n\t<div class=\"wd-cat-inner wrapp-category\">\n\t\t<div class=\"wd-cat-thumb category-image-wrapp\">\n\t\t\t<a class=\"wd-cat-image category-image\" href=\"https:\/\/www.123-kaminofen.de\/deutsch\/kat\/pelletofen\/\" aria-label=\"Pellet\u00f6fen\">\n\t\t\t\t\n\t\t\t\t<img decoding=\"async\" width=\"250\" height=\"250\" src=\"https:\/\/www.123-kaminofen.de\/deutsch\/wp-content\/uploads\/2023\/05\/03.-Pelletkachels.jpg\" class=\"attachment-medium size-medium\" alt=\"\" srcset=\"https:\/\/www.123-kaminofen.de\/deutsch\/wp-content\/uploads\/2023\/05\/03.-Pelletkachels.jpg 250w, https:\/\/www.123-kaminofen.de\/deutsch\/wp-content\/uploads\/2023\/05\/03.-Pelletkachels-150x150.jpg 150w\" sizes=\"(max-width: 250px) 100vw, 250px\" \/>\t\t\t<\/a>\n\t\t<\/div>\n\t\t<div class=\"wd-cat-content hover-mask\">\n\t\t\t<h3 class=\"wd-entities-title\">\n\t\t\t\tPellet\u00f6fen\t\t\t<\/h3>\n\n\t\t\t\n\t\t\t\t\t<\/div>\n\n\t\t\t\t<a class=\"wd-fill category-link\" href=\"https:\/\/www.123-kaminofen.de\/deutsch\/kat\/pelletofen\/\" aria-label=\"Product category pelletofen\"><\/a>\n\t\t\t<\/div>\n\n\t<\/div>\n\t\t\t\t\t\t\t\t\t<\/div>\n\t\t\t\t\t\t\t\t\t\t\t\t\t\t\t\t\t<div class=\"wd-carousel-item\">\n\t\t\t\t\t\t\t\t\t\t\n<div class=\"category-grid-item wd-cat cat-design-center without-product-count wd-with-subcat product-category product\" data-loop=\"3\">\n\t\n\t<div class=\"wd-cat-inner wrapp-category\">\n\t\t<div class=\"wd-cat-thumb category-image-wrapp\">\n\t\t\t<a class=\"wd-cat-image category-image\" href=\"https:\/\/www.123-kaminofen.de\/deutsch\/kat\/ofen\/pelletkessel\/\" aria-label=\"Pelletkessel\">\n\t\t\t\t\n\t\t\t\t<img decoding=\"async\" width=\"250\" height=\"250\" src=\"https:\/\/www.123-kaminofen.de\/deutsch\/wp-content\/uploads\/2024\/01\/MCZ-Biomassaketel.jpg\" class=\"attachment-medium size-medium\" alt=\"Op zoek naar een totaal oplossing? 123 Kaminofen biedt een scala aan duurzame oplossingen aan. Waaronder een biomassaketel van het Italiaanse merk MCZ\" srcset=\"https:\/\/www.123-kaminofen.de\/deutsch\/wp-content\/uploads\/2024\/01\/MCZ-Biomassaketel.jpg 250w, https:\/\/www.123-kaminofen.de\/deutsch\/wp-content\/uploads\/2024\/01\/MCZ-Biomassaketel-150x150.jpg 150w\" sizes=\"(max-width: 250px) 100vw, 250px\" \/>\t\t\t<\/a>\n\t\t<\/div>\n\t\t<div class=\"wd-cat-content hover-mask\">\n\t\t\t<h3 class=\"wd-entities-title\">\n\t\t\t\tPelletkessel\t\t\t<\/h3>\n\n\t\t\t\n\t\t\t\t\t<\/div>\n\n\t\t\t\t<a class=\"wd-fill category-link\" href=\"https:\/\/www.123-kaminofen.de\/deutsch\/kat\/ofen\/pelletkessel\/\" aria-label=\"Product category pelletkessel\"><\/a>\n\t\t\t<\/div>\n\n\t<\/div>\n\t\t\t\t\t\t\t\t\t<\/div>\n\t\t\t\t\t\t\t\t\t\t\t\t\t\t\t\t\t<div class=\"wd-carousel-item\">\n\t\t\t\t\t\t\t\t\t\t\n<div class=\"category-grid-item wd-cat cat-design-center without-product-count wd-with-subcat product-category product last\" data-loop=\"4\">\n\t\n\t<div class=\"wd-cat-inner wrapp-category\">\n\t\t<div class=\"wd-cat-thumb category-image-wrapp\">\n\t\t\t<a class=\"wd-cat-image category-image\" href=\"https:\/\/www.123-kaminofen.de\/deutsch\/kat\/ofen\/kamine\/\" aria-label=\"Kamine\">\n\t\t\t\t\n\t\t\t\t<img decoding=\"async\" width=\"250\" height=\"250\" src=\"https:\/\/www.123-kaminofen.de\/deutsch\/wp-content\/uploads\/2023\/05\/05.-Inzethaard.jpg\" class=\"attachment-medium size-medium\" alt=\"\" srcset=\"https:\/\/www.123-kaminofen.de\/deutsch\/wp-content\/uploads\/2023\/05\/05.-Inzethaard.jpg 250w, https:\/\/www.123-kaminofen.de\/deutsch\/wp-content\/uploads\/2023\/05\/05.-Inzethaard-150x150.jpg 150w\" sizes=\"(max-width: 250px) 100vw, 250px\" \/>\t\t\t<\/a>\n\t\t<\/div>\n\t\t<div class=\"wd-cat-content hover-mask\">\n\t\t\t<h3 class=\"wd-entities-title\">\n\t\t\t\tKamine\t\t\t<\/h3>\n\n\t\t\t\n\t\t\t\t\t<\/div>\n\n\t\t\t\t<a class=\"wd-fill category-link\" href=\"https:\/\/www.123-kaminofen.de\/deutsch\/kat\/ofen\/kamine\/\" aria-label=\"Product category kamine\"><\/a>\n\t\t\t<\/div>\n\n\t<\/div>\n\t\t\t\t\t\t\t\t\t<\/div>\n\t\t\t\t\t\t\t\t\t\t\t\t\t\t\t\t\t<div class=\"wd-carousel-item\">\n\t\t\t\t\t\t\t\t\t\t\n<div class=\"category-grid-item wd-cat cat-design-center without-product-count wd-with-subcat product-category product first\" data-loop=\"5\">\n\t\n\t<div class=\"wd-cat-inner wrapp-category\">\n\t\t<div class=\"wd-cat-thumb category-image-wrapp\">\n\t\t\t<a class=\"wd-cat-image category-image\" href=\"https:\/\/www.123-kaminofen.de\/deutsch\/kat\/holzofen\/\" aria-label=\"Holz\u00f6fen\">\n\t\t\t\t\n\t\t\t\t<img decoding=\"async\" width=\"250\" height=\"250\" src=\"https:\/\/www.123-kaminofen.de\/deutsch\/wp-content\/uploads\/2023\/05\/04.-Houtkachels.jpg\" class=\"attachment-medium size-medium\" alt=\"\" srcset=\"https:\/\/www.123-kaminofen.de\/deutsch\/wp-content\/uploads\/2023\/05\/04.-Houtkachels.jpg 250w, https:\/\/www.123-kaminofen.de\/deutsch\/wp-content\/uploads\/2023\/05\/04.-Houtkachels-150x150.jpg 150w\" sizes=\"(max-width: 250px) 100vw, 250px\" \/>\t\t\t<\/a>\n\t\t<\/div>\n\t\t<div class=\"wd-cat-content hover-mask\">\n\t\t\t<h3 class=\"wd-entities-title\">\n\t\t\t\tHolz\u00f6fen\t\t\t<\/h3>\n\n\t\t\t\n\t\t\t\t\t<\/div>\n\n\t\t\t\t<a class=\"wd-fill category-link\" href=\"https:\/\/www.123-kaminofen.de\/deutsch\/kat\/holzofen\/\" aria-label=\"Product category holzofen\"><\/a>\n\t\t\t<\/div>\n\n\t<\/div>\n\t\t\t\t\t\t\t\t\t<\/div>\n\t\t\t\t\t\t\t\t\t\t\t\t\t\t\t<\/div>\n\t\t\t\t\t\t<\/div>\n\n\t\t\t\t\t\t\t\t\t\t\t\t\t\t\t<div class=\"wd-nav-arrows wd-pos-sep wd-hover-1 wd-icon-1\">\n\t\t\t<div class=\"wd-btn-arrow wd-prev wd-disabled\">\n\t\t\t\t<div class=\"wd-arrow-inner\"><\/div>\n\t\t\t<\/div>\n\t\t\t<div class=\"wd-btn-arrow wd-next\">\n\t\t\t\t<div class=\"wd-arrow-inner\"><\/div>\n\t\t\t<\/div>\n\t\t<\/div>\n\t\t\t\t\t\t\t\t\t\t\t\t\t<\/div>\n\n\t\t\t\t\t\t\t\t\t\t\t\t\t\t<\/div>\n\t\t\t\t\t\t\t\t\t\t\t<\/div>\n\t\t\t\t<\/div>\n\t\t\t\t\t<\/div>\n\t\t<\/div>\n\t\t\t\t\t<\/div>\n\t\t<\/section>\n\t\t\t\t<section class=\"wd-negative-gap elementor-section elementor-top-section elementor-element elementor-element-1f11830 wd-section-stretch elementor-section-boxed elementor-section-height-default elementor-section-height-default\" data-id=\"1f11830\" data-element_type=\"section\" data-settings=\"{&quot;background_background&quot;:&quot;classic&quot;}\">\n\t\t\t\t\t\t<div class=\"elementor-container elementor-column-gap-default\">\n\t\t\t\t\t<div class=\"elementor-column elementor-col-100 elementor-top-column elementor-element elementor-element-30e9c9c\" data-id=\"30e9c9c\" data-element_type=\"column\">\n\t\t\t<div class=\"elementor-widget-wrap elementor-element-populated\">\n\t\t\t\t\t\t<div class=\"elementor-element elementor-element-db4b46d wd-width-100 elementor-widget elementor-widget-wd_title\" data-id=\"db4b46d\" data-element_type=\"widget\" data-widget_type=\"wd_title.default\">\n\t\t\t\t<div class=\"elementor-widget-container\">\n\t\t\t\t\t\t\t<div class=\"title-wrapper wd-set-mb reset-last-child wd-title-color-default wd-title-style-default wd-title-size-default text-left\">\n\n\t\t\t\n\t\t\t<div class=\"liner-continer\">\n\t\t\t\t<h4 class=\"woodmart-title-container title wd-fontsize-l\">Unsere Marken<\/h4> \n\t\t\t\t\t\t\t<\/div>\n\n\t\t\t\t\t<\/div>\n\t\t\t\t\t\t<\/div>\n\t\t\t\t<\/div>\n\t\t\t\t<div class=\"elementor-element elementor-element-8cf6103 wd-width-100 elementor-widget elementor-widget-wd_images_gallery\" data-id=\"8cf6103\" data-element_type=\"widget\" data-widget_type=\"wd_images_gallery.default\">\n\t\t\t\t<div class=\"elementor-widget-container\">\n\t\t\t\t\t\t\t<div class=\"wd-images-gallery wd-carousel-container\" style=\"--wd-align-items:center; --wd-justify-content:left;\">\n\t\t\t\t\t\t\t<div class=\"wd-carousel-inner\">\n\t\t\t\t\t\t<div class=\"wd-carousel wd-grid\" data-speed=\"4500\" data-wrap=\"yes\" data-autoplay=\"yes\" data-scroll_per_page=\"yes\" style=\"--wd-col-lg:6.5;--wd-col-md:4;--wd-col-sm:2;--wd-gap-lg:30px;--wd-gap-sm:10px;\">\n\t\t\t\t\t\t\t\t\t<div class=\"wd-carousel-wrap\">\n\t\t\t\t\t\t\t\t\t\t\t\t\t\t\t\t\t\t<div class=\"wd-gallery-item wd-carousel-item\">\n\t\t\t\t\t\t\n\t\t\t\t\t\t<img decoding=\"async\" width=\"192\" height=\"78\" src=\"https:\/\/www.123-kaminofen.de\/deutsch\/wp-content\/uploads\/2024\/05\/Aduro-logo-123-kaminofen.png\" class=\"attachment-full size-full\" alt=\"Aduro kachels bij 123-Kaminofen\" srcset=\"https:\/\/www.123-kaminofen.de\/deutsch\/wp-content\/uploads\/2024\/05\/Aduro-logo-123-kaminofen.png 192w, https:\/\/www.123-kaminofen.de\/deutsch\/wp-content\/uploads\/2024\/05\/Aduro-logo-123-kaminofen-150x61.png 150w\" sizes=\"(max-width: 192px) 100vw, 192px\" \/>\n\t\t\t\t\t\t\t\t\t\t\t<\/div>\n\t\t\t\t\t\t\t\t\t\t\t\t\t\t\t<div class=\"wd-gallery-item wd-carousel-item\">\n\t\t\t\t\t\t\n\t\t\t\t\t\t<img decoding=\"async\" width=\"192\" height=\"78\" src=\"https:\/\/www.123-kaminofen.de\/deutsch\/wp-content\/uploads\/2024\/05\/Dinak-logo-123-kaminofen.png\" class=\"attachment-full size-full\" alt=\"Het allerbeste dubbelwandige rookkanaal koop je natuurlijk bij 123 Kaminofen. Dinak is bij ons snel en voordelig leverbaar\" srcset=\"https:\/\/www.123-kaminofen.de\/deutsch\/wp-content\/uploads\/2024\/05\/Dinak-logo-123-kaminofen.png 192w, https:\/\/www.123-kaminofen.de\/deutsch\/wp-content\/uploads\/2024\/05\/Dinak-logo-123-kaminofen-150x61.png 150w\" sizes=\"(max-width: 192px) 100vw, 192px\" \/>\n\t\t\t\t\t\t\t\t\t\t\t<\/div>\n\t\t\t\t\t\t\t\t\t\t\t\t\t\t\t<div class=\"wd-gallery-item wd-carousel-item\">\n\t\t\t\t\t\t\n\t\t\t\t\t\t<img decoding=\"async\" width=\"192\" height=\"78\" src=\"https:\/\/www.123-kaminofen.de\/deutsch\/wp-content\/uploads\/2024\/05\/Dovre-logo-123-kaminofen.png\" class=\"attachment-full size-full\" alt=\"Koop je Dovre kachel nu bij 123 Kaminofen\" srcset=\"https:\/\/www.123-kaminofen.de\/deutsch\/wp-content\/uploads\/2024\/05\/Dovre-logo-123-kaminofen.png 192w, https:\/\/www.123-kaminofen.de\/deutsch\/wp-content\/uploads\/2024\/05\/Dovre-logo-123-kaminofen-150x61.png 150w\" sizes=\"(max-width: 192px) 100vw, 192px\" \/>\n\t\t\t\t\t\t\t\t\t\t\t<\/div>\n\t\t\t\t\t\t\t\t\t\t\t\t\t\t\t<div class=\"wd-gallery-item wd-carousel-item\">\n\t\t\t\t\t\t\n\t\t\t\t\t\t<img decoding=\"async\" width=\"192\" height=\"78\" src=\"https:\/\/www.123-kaminofen.de\/deutsch\/wp-content\/uploads\/2024\/05\/fireplace-logo-123-kaminofen-v2.png\" class=\"attachment-full size-full\" alt=\"Een FirePlace kachel koop je natuurlijk bij 123 Kaminofen\" srcset=\"https:\/\/www.123-kaminofen.de\/deutsch\/wp-content\/uploads\/2024\/05\/fireplace-logo-123-kaminofen-v2.png 192w, https:\/\/www.123-kaminofen.de\/deutsch\/wp-content\/uploads\/2024\/05\/fireplace-logo-123-kaminofen-v2-150x61.png 150w\" sizes=\"(max-width: 192px) 100vw, 192px\" \/>\n\t\t\t\t\t\t\t\t\t\t\t<\/div>\n\t\t\t\t\t\t\t\t\t\t\t\t\t\t\t<div class=\"wd-gallery-item wd-carousel-item\">\n\t\t\t\t\t\t\n\t\t\t\t\t\t<img decoding=\"async\" width=\"192\" height=\"78\" src=\"https:\/\/www.123-kaminofen.de\/deutsch\/wp-content\/uploads\/2024\/05\/heta-logo-123-kaminofen-v2.png\" class=\"attachment-full size-full\" alt=\"Een Heta kachel koop je natuurlijk bij 123 Kaminofen\" srcset=\"https:\/\/www.123-kaminofen.de\/deutsch\/wp-content\/uploads\/2024\/05\/heta-logo-123-kaminofen-v2.png 192w, https:\/\/www.123-kaminofen.de\/deutsch\/wp-content\/uploads\/2024\/05\/heta-logo-123-kaminofen-v2-150x61.png 150w\" sizes=\"(max-width: 192px) 100vw, 192px\" \/>\n\t\t\t\t\t\t\t\t\t\t\t<\/div>\n\t\t\t\t\t\t\t\t\t\t\t\t\t\t\t<div class=\"wd-gallery-item wd-carousel-item\">\n\t\t\t\t\t\t\n\t\t\t\t\t\t<img decoding=\"async\" width=\"192\" height=\"78\" src=\"https:\/\/www.123-kaminofen.de\/deutsch\/wp-content\/uploads\/2024\/05\/Jacobus-logo-123-kaminofen.png\" class=\"attachment-full size-full\" alt=\"Een kachel van Jacobus koop je bij 123-Kaminofen!\" srcset=\"https:\/\/www.123-kaminofen.de\/deutsch\/wp-content\/uploads\/2024\/05\/Jacobus-logo-123-kaminofen.png 192w, https:\/\/www.123-kaminofen.de\/deutsch\/wp-content\/uploads\/2024\/05\/Jacobus-logo-123-kaminofen-150x61.png 150w\" sizes=\"(max-width: 192px) 100vw, 192px\" \/>\n\t\t\t\t\t\t\t\t\t\t\t<\/div>\n\t\t\t\t\t\t\t\t\t\t\t\t\t\t\t<div class=\"wd-gallery-item wd-carousel-item\">\n\t\t\t\t\t\t\n\t\t\t\t\t\t<img decoding=\"async\" width=\"192\" height=\"78\" src=\"https:\/\/www.123-kaminofen.de\/deutsch\/wp-content\/uploads\/2024\/05\/Justus-Logo-123-Kaminofen.png\" class=\"attachment-full size-full\" alt=\"Op zoek naar een kachel van het Duitse merk Justus? Dan ben je bij 123 Kaminofen aan het juiste adres!\" srcset=\"https:\/\/www.123-kaminofen.de\/deutsch\/wp-content\/uploads\/2024\/05\/Justus-Logo-123-Kaminofen.png 192w, https:\/\/www.123-kaminofen.de\/deutsch\/wp-content\/uploads\/2024\/05\/Justus-Logo-123-Kaminofen-150x61.png 150w\" sizes=\"(max-width: 192px) 100vw, 192px\" \/>\n\t\t\t\t\t\t\t\t\t\t\t<\/div>\n\t\t\t\t\t\t\t\t\t\t\t\t\t\t\t<div class=\"wd-gallery-item wd-carousel-item\">\n\t\t\t\t\t\t\n\t\t\t\t\t\t<img decoding=\"async\" width=\"192\" height=\"78\" src=\"https:\/\/www.123-kaminofen.de\/deutsch\/wp-content\/uploads\/2024\/05\/Jydepejsen-logo-123-kaminofen.png\" class=\"attachment-full size-full\" alt=\"Een houtkachel van Jydepejsen koop je natuurlijk bij 123-Kaminofen!\" srcset=\"https:\/\/www.123-kaminofen.de\/deutsch\/wp-content\/uploads\/2024\/05\/Jydepejsen-logo-123-kaminofen.png 192w, https:\/\/www.123-kaminofen.de\/deutsch\/wp-content\/uploads\/2024\/05\/Jydepejsen-logo-123-kaminofen-150x61.png 150w\" sizes=\"(max-width: 192px) 100vw, 192px\" \/>\n\t\t\t\t\t\t\t\t\t\t\t<\/div>\n\t\t\t\t\t\t\t\t\t\t\t\t\t\t\t<div class=\"wd-gallery-item wd-carousel-item\">\n\t\t\t\t\t\t\n\t\t\t\t\t\t<img decoding=\"async\" width=\"192\" height=\"78\" src=\"https:\/\/www.123-kaminofen.de\/deutsch\/wp-content\/uploads\/2024\/05\/Lotus-kachel-123-kaminofen.png\" class=\"attachment-full size-full\" alt=\"Een Lotus houtkachel koop je natuurlijk bij 123 Kaminofen\" srcset=\"https:\/\/www.123-kaminofen.de\/deutsch\/wp-content\/uploads\/2024\/05\/Lotus-kachel-123-kaminofen.png 192w, https:\/\/www.123-kaminofen.de\/deutsch\/wp-content\/uploads\/2024\/05\/Lotus-kachel-123-kaminofen-150x61.png 150w\" sizes=\"(max-width: 192px) 100vw, 192px\" \/>\n\t\t\t\t\t\t\t\t\t\t\t<\/div>\n\t\t\t\t\t\t\t\t\t\t\t\t\t\t\t<div class=\"wd-gallery-item wd-carousel-item\">\n\t\t\t\t\t\t\n\t\t\t\t\t\t<img decoding=\"async\" width=\"192\" height=\"78\" src=\"https:\/\/www.123-kaminofen.de\/deutsch\/wp-content\/uploads\/2024\/05\/MCZ.png\" class=\"attachment-full size-full\" alt=\"Op zoek naar een pelletkachel van MCZ? Dan ben je bij 123 Kaminofen aan het juiste adres!\" srcset=\"https:\/\/www.123-kaminofen.de\/deutsch\/wp-content\/uploads\/2024\/05\/MCZ.png 192w, https:\/\/www.123-kaminofen.de\/deutsch\/wp-content\/uploads\/2024\/05\/MCZ-150x61.png 150w\" sizes=\"(max-width: 192px) 100vw, 192px\" \/>\n\t\t\t\t\t\t\t\t\t\t\t<\/div>\n\t\t\t\t\t\t\t\t\t\t\t\t\t\t\t<div class=\"wd-gallery-item wd-carousel-item\">\n\t\t\t\t\t\t\n\t\t\t\t\t\t<img decoding=\"async\" width=\"192\" height=\"78\" src=\"https:\/\/www.123-kaminofen.de\/deutsch\/wp-content\/uploads\/2024\/05\/Oranier-logo.png\" class=\"attachment-full size-full\" alt=\"Een kachel van het Duitse merk Oranier, koop je natuurlijk bij 123 Kaminofen\" srcset=\"https:\/\/www.123-kaminofen.de\/deutsch\/wp-content\/uploads\/2024\/05\/Oranier-logo.png 192w, https:\/\/www.123-kaminofen.de\/deutsch\/wp-content\/uploads\/2024\/05\/Oranier-logo-150x61.png 150w\" sizes=\"(max-width: 192px) 100vw, 192px\" \/>\n\t\t\t\t\t\t\t\t\t\t\t<\/div>\n\t\t\t\t\t\t\t\t\t\t\t\t\t\t\t<div class=\"wd-gallery-item wd-carousel-item\">\n\t\t\t\t\t\t\n\t\t\t\t\t\t<img decoding=\"async\" width=\"192\" height=\"78\" src=\"https:\/\/www.123-kaminofen.de\/deutsch\/wp-content\/uploads\/2024\/05\/Spectrum-Solar-logo-123-Kaminofen.png\" class=\"attachment-full size-full\" alt=\"De zonnecollectoren van Spectrum Solar staan bekend om de hoge prestaties en keurige rendement. Nu bij 123 Kaminofen\" srcset=\"https:\/\/www.123-kaminofen.de\/deutsch\/wp-content\/uploads\/2024\/05\/Spectrum-Solar-logo-123-Kaminofen.png 192w, https:\/\/www.123-kaminofen.de\/deutsch\/wp-content\/uploads\/2024\/05\/Spectrum-Solar-logo-123-Kaminofen-150x61.png 150w\" sizes=\"(max-width: 192px) 100vw, 192px\" \/>\n\t\t\t\t\t\t\t\t\t\t\t<\/div>\n\t\t\t\t\t\t\t\t\t\t\t\t\t\t\t<div class=\"wd-gallery-item wd-carousel-item\">\n\t\t\t\t\t\t\n\t\t\t\t\t\t<img decoding=\"async\" width=\"192\" height=\"78\" src=\"https:\/\/www.123-kaminofen.de\/deutsch\/wp-content\/uploads\/2024\/05\/sprsun-logo-warmtepomp.png\" class=\"attachment-full size-full\" alt=\"Een absolute A klasse warmtepomp voor een scherpe prijs. Alleen bij 123 Kaminofen\" srcset=\"https:\/\/www.123-kaminofen.de\/deutsch\/wp-content\/uploads\/2024\/05\/sprsun-logo-warmtepomp.png 192w, https:\/\/www.123-kaminofen.de\/deutsch\/wp-content\/uploads\/2024\/05\/sprsun-logo-warmtepomp-150x61.png 150w\" sizes=\"(max-width: 192px) 100vw, 192px\" \/>\n\t\t\t\t\t\t\t\t\t\t\t<\/div>\n\t\t\t\t\t\t\t\t\t\t\t\t\t\t\t<div class=\"wd-gallery-item wd-carousel-item\">\n\t\t\t\t\t\t\n\t\t\t\t\t\t<img decoding=\"async\" width=\"192\" height=\"78\" src=\"https:\/\/www.123-kaminofen.de\/deutsch\/wp-content\/uploads\/2024\/05\/TermaTech-123-Kaminofen.png\" class=\"attachment-full size-full\" alt=\"Een houtkachel van het Deense merk TermaTech koop je natuurlijk bij 123 Kaminofen\" srcset=\"https:\/\/www.123-kaminofen.de\/deutsch\/wp-content\/uploads\/2024\/05\/TermaTech-123-Kaminofen.png 192w, https:\/\/www.123-kaminofen.de\/deutsch\/wp-content\/uploads\/2024\/05\/TermaTech-123-Kaminofen-150x61.png 150w\" sizes=\"(max-width: 192px) 100vw, 192px\" \/>\n\t\t\t\t\t\t\t\t\t\t\t<\/div>\n\t\t\t\t\t\t\t\t\t\t\t\t\t\t\t<div class=\"wd-gallery-item wd-carousel-item\">\n\t\t\t\t\t\t\n\t\t\t\t\t\t<img decoding=\"async\" width=\"192\" height=\"78\" src=\"https:\/\/www.123-kaminofen.de\/deutsch\/wp-content\/uploads\/2024\/05\/Wanders-123-Kaminofen.png\" class=\"attachment-full size-full\" alt=\"Een houtkachel van het Nederlandse merk Wanders, koop je bij 123 Kaminofen\" srcset=\"https:\/\/www.123-kaminofen.de\/deutsch\/wp-content\/uploads\/2024\/05\/Wanders-123-Kaminofen.png 192w, https:\/\/www.123-kaminofen.de\/deutsch\/wp-content\/uploads\/2024\/05\/Wanders-123-Kaminofen-150x61.png 150w\" sizes=\"(max-width: 192px) 100vw, 192px\" \/>\n\t\t\t\t\t\t\t\t\t\t\t<\/div>\n\t\t\t\t\t\t\t\t\t\t\t\t\t\t\t\t<\/div>\n\t\t\t\t\t\t\t\t<\/div>\n\t\t\t\t\t\t\t\t\t\t\t\t\t\t<div class=\"wd-nav-arrows wd-pos-sep wd-hover-1 wd-icon-1\">\n\t\t\t<div class=\"wd-btn-arrow wd-prev wd-disabled\">\n\t\t\t\t<div class=\"wd-arrow-inner\"><\/div>\n\t\t\t<\/div>\n\t\t\t<div class=\"wd-btn-arrow wd-next\">\n\t\t\t\t<div class=\"wd-arrow-inner\"><\/div>\n\t\t\t<\/div>\n\t\t<\/div>\n\t\t\t\t\t\t\n\t\t\t\t<\/div>\n\n\t\t\t\t\t\t\t\t\t\t\t\t\t<\/div>\n\t\t\t\t\t\t<\/div>\n\t\t\t\t<\/div>\n\t\t\t\t\t<\/div>\n\t\t<\/div>\n\t\t\t\t\t<\/div>\n\t\t<\/section>\n\t\t\t\t<\/div>\n\t\t","protected":false},"excerpt":{"rendered":"<p>Unsere Ausstellung Den besten Eindruck von unseren Produkten und unserem Unternehmen erhalten Sie in unserem Ausstellungsraum. Hier k\u00f6nnen Sie nicht<\/p>\n","protected":false},"author":1,"featured_media":0,"parent":0,"menu_order":0,"comment_status":"closed","ping_status":"closed","template":"","meta":{"footnotes":""},"class_list":["post-25876","page","type-page","status-publish","hentry"],"yoast_head":"<!-- This site is optimized with the Yoast SEO plugin v26.8 - https:\/\/yoast.com\/product\/yoast-seo-wordpress\/ -->\n<title>Ausstellung | 123-Kaminofen<\/title>\n<meta name=\"description\" content=\"Ausstellung. Lesen Sie alles dar\u00fcber auf 123-Kaminofen.de. Ihr Experte f\u00fcr Nachhaltigkeit!\" \/>\n<meta name=\"robots\" content=\"noindex, follow\" \/>\n<meta property=\"og:locale\" content=\"de_DE\" \/>\n<meta property=\"og:type\" content=\"article\" \/>\n<meta property=\"og:title\" content=\"Ausstellung | 123-Kaminofen\" \/>\n<meta property=\"og:description\" content=\"Ausstellung. Lesen Sie alles dar\u00fcber auf 123-Kaminofen.de. Ihr Experte f\u00fcr Nachhaltigkeit!\" \/>\n<meta property=\"og:url\" content=\"https:\/\/www.123-kaminofen.de\/deutsch\/ausstellung\/\" \/>\n<meta property=\"og:site_name\" content=\"123-Kaminofen\" \/>\n<meta property=\"article:publisher\" content=\"https:\/\/www.facebook.com\/123kaminofen\" \/>\n<meta property=\"article:modified_time\" content=\"2026-02-05T08:36:04+00:00\" \/>\n<meta property=\"og:image\" content=\"https:\/\/www.123-kaminofen.de\/deutsch\/wp-content\/uploads\/2024\/05\/Tour-123-Kaminofen.png\" \/>\n<meta name=\"twitter:card\" content=\"summary_large_image\" \/>\n<meta name=\"twitter:label1\" content=\"Gesch\u00e4tzte Lesezeit\" \/>\n\t<meta name=\"twitter:data1\" content=\"8\u00a0Minuten\" \/>\n<script type=\"application\/ld+json\" class=\"yoast-schema-graph\">{\"@context\":\"https:\/\/schema.org\",\"@graph\":[{\"@type\":\"WebPage\",\"@id\":\"https:\/\/www.123-kaminofen.de\/deutsch\/ausstellung\/\",\"url\":\"https:\/\/www.123-kaminofen.de\/deutsch\/ausstellung\/\",\"name\":\"Ausstellung | 123-Kaminofen\",\"isPartOf\":{\"@id\":\"https:\/\/www.123-kaminofen.de\/deutsch\/#website\"},\"primaryImageOfPage\":{\"@id\":\"https:\/\/www.123-kaminofen.de\/deutsch\/ausstellung\/#primaryimage\"},\"image\":{\"@id\":\"https:\/\/www.123-kaminofen.de\/deutsch\/ausstellung\/#primaryimage\"},\"thumbnailUrl\":\"https:\/\/www.123-kaminofen.de\/deutsch\/wp-content\/uploads\/2024\/05\/Tour-123-Kaminofen.png\",\"datePublished\":\"2024-05-14T09:31:10+00:00\",\"dateModified\":\"2026-02-05T08:36:04+00:00\",\"description\":\"Ausstellung. Lesen Sie alles dar\u00fcber auf 123-Kaminofen.de. Ihr Experte f\u00fcr Nachhaltigkeit!\",\"breadcrumb\":{\"@id\":\"https:\/\/www.123-kaminofen.de\/deutsch\/ausstellung\/#breadcrumb\"},\"inLanguage\":\"de\",\"potentialAction\":[{\"@type\":\"ReadAction\",\"target\":[\"https:\/\/www.123-kaminofen.de\/deutsch\/ausstellung\/\"]}]},{\"@type\":\"ImageObject\",\"inLanguage\":\"de\",\"@id\":\"https:\/\/www.123-kaminofen.de\/deutsch\/ausstellung\/#primaryimage\",\"url\":\"https:\/\/www.123-kaminofen.de\/deutsch\/wp-content\/uploads\/2024\/05\/Tour-123-Kaminofen.png\",\"contentUrl\":\"https:\/\/www.123-kaminofen.de\/deutsch\/wp-content\/uploads\/2024\/05\/Tour-123-Kaminofen.png\",\"width\":328,\"height\":138,\"caption\":\"Sind Sie neugierig auf unser Gesch\u00e4ft? Werfen Sie einen Blick dank unseres virtuellen Rundgangs!\"},{\"@type\":\"BreadcrumbList\",\"@id\":\"https:\/\/www.123-kaminofen.de\/deutsch\/ausstellung\/#breadcrumb\",\"itemListElement\":[{\"@type\":\"ListItem\",\"position\":1,\"name\":\"Home\",\"item\":\"https:\/\/www.123-kaminofen.de\/deutsch\/\"},{\"@type\":\"ListItem\",\"position\":2,\"name\":\"Ausstellung\"}]},{\"@type\":\"WebSite\",\"@id\":\"https:\/\/www.123-kaminofen.de\/deutsch\/#website\",\"url\":\"https:\/\/www.123-kaminofen.de\/deutsch\/\",\"name\":\"123-Kaminofen\",\"description\":\"\",\"publisher\":{\"@id\":\"https:\/\/www.123-kaminofen.de\/deutsch\/#organization\"},\"potentialAction\":[{\"@type\":\"SearchAction\",\"target\":{\"@type\":\"EntryPoint\",\"urlTemplate\":\"https:\/\/www.123-kaminofen.de\/deutsch\/?s={search_term_string}\"},\"query-input\":{\"@type\":\"PropertyValueSpecification\",\"valueRequired\":true,\"valueName\":\"search_term_string\"}}],\"inLanguage\":\"de\"},{\"@type\":\"Organization\",\"@id\":\"https:\/\/www.123-kaminofen.de\/deutsch\/#organization\",\"name\":\"Handelsbetrieb Bakker\",\"alternateName\":\"123-Kaminofen\",\"url\":\"https:\/\/www.123-kaminofen.de\/deutsch\/\",\"logo\":{\"@type\":\"ImageObject\",\"inLanguage\":\"de\",\"@id\":\"https:\/\/www.123-kaminofen.de\/deutsch\/#\/schema\/logo\/image\/\",\"url\":\"https:\/\/www.spectrumsolar.nl\/deutsch\/wp-content\/uploads\/2023\/04\/123-Kaminofen.png\",\"contentUrl\":\"https:\/\/www.spectrumsolar.nl\/deutsch\/wp-content\/uploads\/2023\/04\/123-Kaminofen.png\",\"width\":1447,\"height\":221,\"caption\":\"Handelsbetrieb Bakker\"},\"image\":{\"@id\":\"https:\/\/www.123-kaminofen.de\/deutsch\/#\/schema\/logo\/image\/\"},\"sameAs\":[\"https:\/\/www.facebook.com\/123kaminofen\",\"https:\/\/instagram.com\/123kaminofen\"]}]}<\/script>\n<!-- \/ Yoast SEO plugin. -->","yoast_head_json":{"title":"Ausstellung | 123-Kaminofen","description":"Ausstellung. Lesen Sie alles dar\u00fcber auf 123-Kaminofen.de. Ihr Experte f\u00fcr Nachhaltigkeit!","robots":{"index":"noindex","follow":"follow"},"og_locale":"de_DE","og_type":"article","og_title":"Ausstellung | 123-Kaminofen","og_description":"Ausstellung. Lesen Sie alles dar\u00fcber auf 123-Kaminofen.de. Ihr Experte f\u00fcr Nachhaltigkeit!","og_url":"https:\/\/www.123-kaminofen.de\/deutsch\/ausstellung\/","og_site_name":"123-Kaminofen","article_publisher":"https:\/\/www.facebook.com\/123kaminofen","article_modified_time":"2026-02-05T08:36:04+00:00","og_image":[{"url":"https:\/\/www.123-kaminofen.de\/deutsch\/wp-content\/uploads\/2024\/05\/Tour-123-Kaminofen.png","type":"","width":"","height":""}],"twitter_card":"summary_large_image","twitter_misc":{"Gesch\u00e4tzte Lesezeit":"8\u00a0Minuten"},"schema":{"@context":"https:\/\/schema.org","@graph":[{"@type":"WebPage","@id":"https:\/\/www.123-kaminofen.de\/deutsch\/ausstellung\/","url":"https:\/\/www.123-kaminofen.de\/deutsch\/ausstellung\/","name":"Ausstellung | 123-Kaminofen","isPartOf":{"@id":"https:\/\/www.123-kaminofen.de\/deutsch\/#website"},"primaryImageOfPage":{"@id":"https:\/\/www.123-kaminofen.de\/deutsch\/ausstellung\/#primaryimage"},"image":{"@id":"https:\/\/www.123-kaminofen.de\/deutsch\/ausstellung\/#primaryimage"},"thumbnailUrl":"https:\/\/www.123-kaminofen.de\/deutsch\/wp-content\/uploads\/2024\/05\/Tour-123-Kaminofen.png","datePublished":"2024-05-14T09:31:10+00:00","dateModified":"2026-02-05T08:36:04+00:00","description":"Ausstellung. Lesen Sie alles dar\u00fcber auf 123-Kaminofen.de. Ihr Experte f\u00fcr Nachhaltigkeit!","breadcrumb":{"@id":"https:\/\/www.123-kaminofen.de\/deutsch\/ausstellung\/#breadcrumb"},"inLanguage":"de","potentialAction":[{"@type":"ReadAction","target":["https:\/\/www.123-kaminofen.de\/deutsch\/ausstellung\/"]}]},{"@type":"ImageObject","inLanguage":"de","@id":"https:\/\/www.123-kaminofen.de\/deutsch\/ausstellung\/#primaryimage","url":"https:\/\/www.123-kaminofen.de\/deutsch\/wp-content\/uploads\/2024\/05\/Tour-123-Kaminofen.png","contentUrl":"https:\/\/www.123-kaminofen.de\/deutsch\/wp-content\/uploads\/2024\/05\/Tour-123-Kaminofen.png","width":328,"height":138,"caption":"Sind Sie neugierig auf unser Gesch\u00e4ft? Werfen Sie einen Blick dank unseres virtuellen Rundgangs!"},{"@type":"BreadcrumbList","@id":"https:\/\/www.123-kaminofen.de\/deutsch\/ausstellung\/#breadcrumb","itemListElement":[{"@type":"ListItem","position":1,"name":"Home","item":"https:\/\/www.123-kaminofen.de\/deutsch\/"},{"@type":"ListItem","position":2,"name":"Ausstellung"}]},{"@type":"WebSite","@id":"https:\/\/www.123-kaminofen.de\/deutsch\/#website","url":"https:\/\/www.123-kaminofen.de\/deutsch\/","name":"123-Kaminofen","description":"","publisher":{"@id":"https:\/\/www.123-kaminofen.de\/deutsch\/#organization"},"potentialAction":[{"@type":"SearchAction","target":{"@type":"EntryPoint","urlTemplate":"https:\/\/www.123-kaminofen.de\/deutsch\/?s={search_term_string}"},"query-input":{"@type":"PropertyValueSpecification","valueRequired":true,"valueName":"search_term_string"}}],"inLanguage":"de"},{"@type":"Organization","@id":"https:\/\/www.123-kaminofen.de\/deutsch\/#organization","name":"Handelsbetrieb Bakker","alternateName":"123-Kaminofen","url":"https:\/\/www.123-kaminofen.de\/deutsch\/","logo":{"@type":"ImageObject","inLanguage":"de","@id":"https:\/\/www.123-kaminofen.de\/deutsch\/#\/schema\/logo\/image\/","url":"https:\/\/www.spectrumsolar.nl\/deutsch\/wp-content\/uploads\/2023\/04\/123-Kaminofen.png","contentUrl":"https:\/\/www.spectrumsolar.nl\/deutsch\/wp-content\/uploads\/2023\/04\/123-Kaminofen.png","width":1447,"height":221,"caption":"Handelsbetrieb Bakker"},"image":{"@id":"https:\/\/www.123-kaminofen.de\/deutsch\/#\/schema\/logo\/image\/"},"sameAs":["https:\/\/www.facebook.com\/123kaminofen","https:\/\/instagram.com\/123kaminofen"]}]}},"_links":{"self":[{"href":"https:\/\/www.123-kaminofen.de\/deutsch\/wp-json\/wp\/v2\/pages\/25876","targetHints":{"allow":["GET"]}}],"collection":[{"href":"https:\/\/www.123-kaminofen.de\/deutsch\/wp-json\/wp\/v2\/pages"}],"about":[{"href":"https:\/\/www.123-kaminofen.de\/deutsch\/wp-json\/wp\/v2\/types\/page"}],"author":[{"embeddable":true,"href":"https:\/\/www.123-kaminofen.de\/deutsch\/wp-json\/wp\/v2\/users\/1"}],"replies":[{"embeddable":true,"href":"https:\/\/www.123-kaminofen.de\/deutsch\/wp-json\/wp\/v2\/comments?post=25876"}],"version-history":[{"count":33,"href":"https:\/\/www.123-kaminofen.de\/deutsch\/wp-json\/wp\/v2\/pages\/25876\/revisions"}],"predecessor-version":[{"id":28138,"href":"https:\/\/www.123-kaminofen.de\/deutsch\/wp-json\/wp\/v2\/pages\/25876\/revisions\/28138"}],"wp:attachment":[{"href":"https:\/\/www.123-kaminofen.de\/deutsch\/wp-json\/wp\/v2\/media?parent=25876"}],"curies":[{"name":"wp","href":"https:\/\/api.w.org\/{rel}","templated":true}]}}