{"id":12865,"date":"2023-06-20T14:43:05","date_gmt":"2023-06-20T12:43:05","guid":{"rendered":"http:\/\/spectrumsolar.nl\/product\/dovre-saga-107\/"},"modified":"2025-02-06T10:43:00","modified_gmt":"2025-02-06T09:43:00","slug":"dovre-saga-107","status":"publish","type":"product","link":"https:\/\/www.123-kaminofen.de\/deutsch\/produkt\/dovre-saga-107\/","title":{"rendered":"Dovre Saga 107"},"content":{"rendered":"<h2>Dovre Saga 107<\/h2>\n<p>Der Kaminofen Saga 107 von Dovre mit einer Nennleistung von 7 kW ist ein wahrer Blickfang. Formsch\u00f6n und mit sieben Sichtscheiben ausgestattet erf\u00fcllt er den Raum mit Licht und W\u00e4rme. Die gro\u00dfe Sichtscheibe mit integrierter Scheibensp\u00fclung erm\u00f6glicht einen wunderbaren Blick auf das Flammenspiel und tr\u00e4gt so zus\u00e4tzlich zur wohligen Atmosph\u00e4re im Aufstellraum bei.<\/p>\n","protected":false},"excerpt":{"rendered":"<p><img decoding=\"async\" class=\"alignnone size-full wp-image-20521\" src=\"http:\/\/spectrumsolar.nl\/wp-content\/uploads\/2023\/05\/Energielabels_0000_Laag-6.png\" alt=\"\" width=\"83\" height=\"36\" \/><\/p>\n","protected":false},"featured_media":12837,"template":"","meta":[],"product_brand":[],"product_cat":[101],"product_tag":[],"class_list":{"0":"post-12865","1":"product","2":"type-product","3":"status-publish","4":"has-post-thumbnail","6":"product_cat-holzofen","7":"product_shipping_class-dgo-transporteur","8":"pa_anschluss-des-ofens-oben-und-hinten","9":"pa_breite-430-mm","10":"pa_feuer-ansicht-dreiseitig","11":"pa_gewicht-100-kg","12":"pa_hoehe-730-mm","13":"pa_marke-dovre","14":"pa_nennleistung-55-kw","15":"pa_rauchrohranschluss-130-mm","16":"pa_tiefe-575-mm","17":"pa_typ-des-ofens-freistehend","18":"pa_verkleidung-gusseisen","19":"pa_wirkungsgrad-434","21":"first","22":"instock","23":"sale","24":"taxable","25":"shipping-taxable","26":"purchasable","27":"product-type-simple"},"yoast_head":"<!-- This site is optimized with the Yoast SEO plugin v26.8 - https:\/\/yoast.com\/product\/yoast-seo-wordpress\/ -->\n<title>Dovre Saga 107 | 123-Kaminofen<\/title>\n<meta name=\"description\" content=\"Sie suchen einen Dovre Saga 107? Dann werden Sie bei 123-Kaminofen f\u00fcndig. Der Experte f\u00fcr Nachhaltigkeit. Entdecken Sie jetzt unsere Angebote.\" \/>\n<meta name=\"robots\" content=\"index, follow, max-snippet:-1, max-image-preview:large, max-video-preview:-1\" \/>\n<link rel=\"canonical\" href=\"https:\/\/www.123-kaminofen.de\/deutsch\/produkt\/dovre-saga-107\/\" \/>\n<meta property=\"og:locale\" content=\"de_DE\" \/>\n<meta property=\"og:type\" content=\"article\" \/>\n<meta property=\"og:title\" content=\"Dovre Saga 107 | 123-Kaminofen\" \/>\n<meta property=\"og:description\" content=\"Sie suchen einen Dovre Saga 107? Dann werden Sie bei 123-Kaminofen f\u00fcndig. Der Experte f\u00fcr Nachhaltigkeit. Entdecken Sie jetzt unsere Angebote.\" \/>\n<meta property=\"og:url\" content=\"https:\/\/www.123-kaminofen.de\/deutsch\/produkt\/dovre-saga-107\/\" \/>\n<meta property=\"og:site_name\" content=\"123-Kaminofen\" \/>\n<meta property=\"article:publisher\" content=\"https:\/\/www.facebook.com\/123kaminofen\" \/>\n<meta property=\"article:modified_time\" content=\"2025-02-06T09:43:00+00:00\" \/>\n<meta property=\"og:image\" content=\"https:\/\/www.123-kaminofen.de\/deutsch\/wp-content\/uploads\/2023\/06\/dovre-saga-101-3.jpg\" \/>\n\t<meta property=\"og:image:width\" content=\"1000\" \/>\n\t<meta property=\"og:image:height\" content=\"1000\" \/>\n\t<meta property=\"og:image:type\" content=\"image\/jpeg\" \/>\n<meta name=\"twitter:card\" content=\"summary_large_image\" \/>\n<meta name=\"twitter:label1\" content=\"Gesch\u00e4tzte Lesezeit\" \/>\n\t<meta name=\"twitter:data1\" content=\"2\u00a0Minuten\" \/>\n<script type=\"application\/ld+json\" class=\"yoast-schema-graph\">{\"@context\":\"https:\/\/schema.org\",\"@graph\":[{\"@type\":\"WebPage\",\"@id\":\"https:\/\/www.123-kaminofen.de\/deutsch\/produkt\/dovre-saga-107\/\",\"url\":\"https:\/\/www.123-kaminofen.de\/deutsch\/produkt\/dovre-saga-107\/\",\"name\":\"Dovre Saga 107 | 123-Kaminofen\",\"isPartOf\":{\"@id\":\"https:\/\/www.123-kaminofen.de\/deutsch\/#website\"},\"primaryImageOfPage\":{\"@id\":\"https:\/\/www.123-kaminofen.de\/deutsch\/produkt\/dovre-saga-107\/#primaryimage\"},\"image\":{\"@id\":\"https:\/\/www.123-kaminofen.de\/deutsch\/produkt\/dovre-saga-107\/#primaryimage\"},\"thumbnailUrl\":\"https:\/\/www.123-kaminofen.de\/deutsch\/wp-content\/uploads\/2023\/06\/dovre-saga-101-3.jpg\",\"datePublished\":\"2023-06-20T12:43:05+00:00\",\"dateModified\":\"2025-02-06T09:43:00+00:00\",\"description\":\"Sie suchen einen Dovre Saga 107? Dann werden Sie bei 123-Kaminofen f\u00fcndig. Der Experte f\u00fcr Nachhaltigkeit. Entdecken Sie jetzt unsere Angebote.\",\"breadcrumb\":{\"@id\":\"https:\/\/www.123-kaminofen.de\/deutsch\/produkt\/dovre-saga-107\/#breadcrumb\"},\"inLanguage\":\"de\",\"potentialAction\":[{\"@type\":\"ReadAction\",\"target\":[\"https:\/\/www.123-kaminofen.de\/deutsch\/produkt\/dovre-saga-107\/\"]}]},{\"@type\":\"ImageObject\",\"inLanguage\":\"de\",\"@id\":\"https:\/\/www.123-kaminofen.de\/deutsch\/produkt\/dovre-saga-107\/#primaryimage\",\"url\":\"https:\/\/www.123-kaminofen.de\/deutsch\/wp-content\/uploads\/2023\/06\/dovre-saga-101-3.jpg\",\"contentUrl\":\"https:\/\/www.123-kaminofen.de\/deutsch\/wp-content\/uploads\/2023\/06\/dovre-saga-101-3.jpg\",\"width\":1000,\"height\":1000},{\"@type\":\"BreadcrumbList\",\"@id\":\"https:\/\/www.123-kaminofen.de\/deutsch\/produkt\/dovre-saga-107\/#breadcrumb\",\"itemListElement\":[{\"@type\":\"ListItem\",\"position\":1,\"name\":\"Home\",\"item\":\"https:\/\/www.123-kaminofen.de\/deutsch\/\"},{\"@type\":\"ListItem\",\"position\":2,\"name\":\"Webshop\",\"item\":\"https:\/\/www.123-kaminofen.de\/deutsch\/winkel\/\"},{\"@type\":\"ListItem\",\"position\":3,\"name\":\"Dovre Saga 107\"}]},{\"@type\":\"WebSite\",\"@id\":\"https:\/\/www.123-kaminofen.de\/deutsch\/#website\",\"url\":\"https:\/\/www.123-kaminofen.de\/deutsch\/\",\"name\":\"123-Kaminofen\",\"description\":\"\",\"publisher\":{\"@id\":\"https:\/\/www.123-kaminofen.de\/deutsch\/#organization\"},\"potentialAction\":[{\"@type\":\"SearchAction\",\"target\":{\"@type\":\"EntryPoint\",\"urlTemplate\":\"https:\/\/www.123-kaminofen.de\/deutsch\/?s={search_term_string}\"},\"query-input\":{\"@type\":\"PropertyValueSpecification\",\"valueRequired\":true,\"valueName\":\"search_term_string\"}}],\"inLanguage\":\"de\"},{\"@type\":\"Organization\",\"@id\":\"https:\/\/www.123-kaminofen.de\/deutsch\/#organization\",\"name\":\"Handelsbetrieb Bakker\",\"alternateName\":\"123-Kaminofen\",\"url\":\"https:\/\/www.123-kaminofen.de\/deutsch\/\",\"logo\":{\"@type\":\"ImageObject\",\"inLanguage\":\"de\",\"@id\":\"https:\/\/www.123-kaminofen.de\/deutsch\/#\/schema\/logo\/image\/\",\"url\":\"https:\/\/www.spectrumsolar.nl\/deutsch\/wp-content\/uploads\/2023\/04\/123-Kaminofen.png\",\"contentUrl\":\"https:\/\/www.spectrumsolar.nl\/deutsch\/wp-content\/uploads\/2023\/04\/123-Kaminofen.png\",\"width\":1447,\"height\":221,\"caption\":\"Handelsbetrieb Bakker\"},\"image\":{\"@id\":\"https:\/\/www.123-kaminofen.de\/deutsch\/#\/schema\/logo\/image\/\"},\"sameAs\":[\"https:\/\/www.facebook.com\/123kaminofen\",\"https:\/\/instagram.com\/123kaminofen\"]}]}<\/script>\n<!-- \/ Yoast SEO plugin. -->","yoast_head_json":{"title":"Dovre Saga 107 | 123-Kaminofen","description":"Sie suchen einen Dovre Saga 107? Dann werden Sie bei 123-Kaminofen f\u00fcndig. Der Experte f\u00fcr Nachhaltigkeit. Entdecken Sie jetzt unsere Angebote.","robots":{"index":"index","follow":"follow","max-snippet":"max-snippet:-1","max-image-preview":"max-image-preview:large","max-video-preview":"max-video-preview:-1"},"canonical":"https:\/\/www.123-kaminofen.de\/deutsch\/produkt\/dovre-saga-107\/","og_locale":"de_DE","og_type":"article","og_title":"Dovre Saga 107 | 123-Kaminofen","og_description":"Sie suchen einen Dovre Saga 107? Dann werden Sie bei 123-Kaminofen f\u00fcndig. Der Experte f\u00fcr Nachhaltigkeit. Entdecken Sie jetzt unsere Angebote.","og_url":"https:\/\/www.123-kaminofen.de\/deutsch\/produkt\/dovre-saga-107\/","og_site_name":"123-Kaminofen","article_publisher":"https:\/\/www.facebook.com\/123kaminofen","article_modified_time":"2025-02-06T09:43:00+00:00","og_image":[{"width":1000,"height":1000,"url":"https:\/\/www.123-kaminofen.de\/deutsch\/wp-content\/uploads\/2023\/06\/dovre-saga-101-3.jpg","type":"image\/jpeg"}],"twitter_card":"summary_large_image","twitter_misc":{"Gesch\u00e4tzte Lesezeit":"2\u00a0Minuten"},"schema":{"@context":"https:\/\/schema.org","@graph":[{"@type":"WebPage","@id":"https:\/\/www.123-kaminofen.de\/deutsch\/produkt\/dovre-saga-107\/","url":"https:\/\/www.123-kaminofen.de\/deutsch\/produkt\/dovre-saga-107\/","name":"Dovre Saga 107 | 123-Kaminofen","isPartOf":{"@id":"https:\/\/www.123-kaminofen.de\/deutsch\/#website"},"primaryImageOfPage":{"@id":"https:\/\/www.123-kaminofen.de\/deutsch\/produkt\/dovre-saga-107\/#primaryimage"},"image":{"@id":"https:\/\/www.123-kaminofen.de\/deutsch\/produkt\/dovre-saga-107\/#primaryimage"},"thumbnailUrl":"https:\/\/www.123-kaminofen.de\/deutsch\/wp-content\/uploads\/2023\/06\/dovre-saga-101-3.jpg","datePublished":"2023-06-20T12:43:05+00:00","dateModified":"2025-02-06T09:43:00+00:00","description":"Sie suchen einen Dovre Saga 107? Dann werden Sie bei 123-Kaminofen f\u00fcndig. Der Experte f\u00fcr Nachhaltigkeit. Entdecken Sie jetzt unsere Angebote.","breadcrumb":{"@id":"https:\/\/www.123-kaminofen.de\/deutsch\/produkt\/dovre-saga-107\/#breadcrumb"},"inLanguage":"de","potentialAction":[{"@type":"ReadAction","target":["https:\/\/www.123-kaminofen.de\/deutsch\/produkt\/dovre-saga-107\/"]}]},{"@type":"ImageObject","inLanguage":"de","@id":"https:\/\/www.123-kaminofen.de\/deutsch\/produkt\/dovre-saga-107\/#primaryimage","url":"https:\/\/www.123-kaminofen.de\/deutsch\/wp-content\/uploads\/2023\/06\/dovre-saga-101-3.jpg","contentUrl":"https:\/\/www.123-kaminofen.de\/deutsch\/wp-content\/uploads\/2023\/06\/dovre-saga-101-3.jpg","width":1000,"height":1000},{"@type":"BreadcrumbList","@id":"https:\/\/www.123-kaminofen.de\/deutsch\/produkt\/dovre-saga-107\/#breadcrumb","itemListElement":[{"@type":"ListItem","position":1,"name":"Home","item":"https:\/\/www.123-kaminofen.de\/deutsch\/"},{"@type":"ListItem","position":2,"name":"Webshop","item":"https:\/\/www.123-kaminofen.de\/deutsch\/winkel\/"},{"@type":"ListItem","position":3,"name":"Dovre Saga 107"}]},{"@type":"WebSite","@id":"https:\/\/www.123-kaminofen.de\/deutsch\/#website","url":"https:\/\/www.123-kaminofen.de\/deutsch\/","name":"123-Kaminofen","description":"","publisher":{"@id":"https:\/\/www.123-kaminofen.de\/deutsch\/#organization"},"potentialAction":[{"@type":"SearchAction","target":{"@type":"EntryPoint","urlTemplate":"https:\/\/www.123-kaminofen.de\/deutsch\/?s={search_term_string}"},"query-input":{"@type":"PropertyValueSpecification","valueRequired":true,"valueName":"search_term_string"}}],"inLanguage":"de"},{"@type":"Organization","@id":"https:\/\/www.123-kaminofen.de\/deutsch\/#organization","name":"Handelsbetrieb Bakker","alternateName":"123-Kaminofen","url":"https:\/\/www.123-kaminofen.de\/deutsch\/","logo":{"@type":"ImageObject","inLanguage":"de","@id":"https:\/\/www.123-kaminofen.de\/deutsch\/#\/schema\/logo\/image\/","url":"https:\/\/www.spectrumsolar.nl\/deutsch\/wp-content\/uploads\/2023\/04\/123-Kaminofen.png","contentUrl":"https:\/\/www.spectrumsolar.nl\/deutsch\/wp-content\/uploads\/2023\/04\/123-Kaminofen.png","width":1447,"height":221,"caption":"Handelsbetrieb Bakker"},"image":{"@id":"https:\/\/www.123-kaminofen.de\/deutsch\/#\/schema\/logo\/image\/"},"sameAs":["https:\/\/www.facebook.com\/123kaminofen","https:\/\/instagram.com\/123kaminofen"]}]}},"_links":{"self":[{"href":"https:\/\/www.123-kaminofen.de\/deutsch\/wp-json\/wp\/v2\/product\/12865","targetHints":{"allow":["GET"]}}],"collection":[{"href":"https:\/\/www.123-kaminofen.de\/deutsch\/wp-json\/wp\/v2\/product"}],"about":[{"href":"https:\/\/www.123-kaminofen.de\/deutsch\/wp-json\/wp\/v2\/types\/product"}],"version-history":[{"count":1,"href":"https:\/\/www.123-kaminofen.de\/deutsch\/wp-json\/wp\/v2\/product\/12865\/revisions"}],"predecessor-version":[{"id":27535,"href":"https:\/\/www.123-kaminofen.de\/deutsch\/wp-json\/wp\/v2\/product\/12865\/revisions\/27535"}],"wp:featuredmedia":[{"embeddable":true,"href":"https:\/\/www.123-kaminofen.de\/deutsch\/wp-json\/wp\/v2\/media\/12837"}],"wp:attachment":[{"href":"https:\/\/www.123-kaminofen.de\/deutsch\/wp-json\/wp\/v2\/media?parent=12865"}],"wp:term":[{"taxonomy":"product_brand","embeddable":true,"href":"https:\/\/www.123-kaminofen.de\/deutsch\/wp-json\/wp\/v2\/product_brand?post=12865"},{"taxonomy":"product_cat","embeddable":true,"href":"https:\/\/www.123-kaminofen.de\/deutsch\/wp-json\/wp\/v2\/product_cat?post=12865"},{"taxonomy":"product_tag","embeddable":true,"href":"https:\/\/www.123-kaminofen.de\/deutsch\/wp-json\/wp\/v2\/product_tag?post=12865"}],"curies":[{"name":"wp","href":"https:\/\/api.w.org\/{rel}","templated":true}]}}