{"id":14382,"date":"2023-07-07T16:04:28","date_gmt":"2023-07-07T14:04:28","guid":{"rendered":"http:\/\/spectrumsolar.nl\/product\/justus-mino-2-0-speksteen-top\/"},"modified":"2025-02-06T12:11:10","modified_gmt":"2025-02-06T11:11:10","slug":"justus-mino-2-0-speckstein-top","status":"publish","type":"product","link":"https:\/\/www.123-kaminofen.de\/deutsch\/produkt\/justus-mino-2-0-speckstein-top\/","title":{"rendered":"Justus Mino 2.0 Speckstein Top"},"content":{"rendered":"<h2>Justus Mino 2.0 Speckstein Top<\/h2>\n<p>Der 5,5 kW Kaminofen Mino 2.0 von Justus f\u00fcgt sich dank seines zeitlos sch\u00f6nen Designs perfekt in jede Raumgestaltung ein. Der hochwertige Kaminofen beheizt R\u00e4ume bis 88 m\u00b3 und bietet \u00fcber die Panoramaglasscheibe mit integrierter Scheibensp\u00fclung einen faszinierenden Blick auf das Flammenspiel. Beim Nachlegen von Feuerholz oder Braunkohle sch\u00fctzt der luftgek\u00fchlte XXL-T\u00fcrgriff vor Verbrennungen. Nach dem Erkalten lassen sich die Verbrennungsreste \u00fcber den ausziehbaren Aschekasten m\u00fchelos entfernen.<\/p>\n","protected":false},"excerpt":{"rendered":"<p><img decoding=\"async\" class=\"alignnone size-full wp-image-20521\" src=\"http:\/\/spectrumsolar.nl\/wp-content\/uploads\/2023\/05\/Energielabels_0000_Laag-6.png\" alt=\"\" width=\"83\" height=\"36\" \/><\/p>\n","protected":false},"featured_media":14353,"template":"","meta":[],"product_brand":[],"product_cat":[101],"product_tag":[],"class_list":{"0":"post-14382","1":"product","2":"type-product","3":"status-publish","4":"has-post-thumbnail","6":"product_cat-holzofen","7":"product_shipping_class-dgo-transporteur","8":"pa_anschluss-des-ofens-oben","9":"pa_breite-458-mm","10":"pa_drehscheibe-ja-mit-drehscheibe","11":"pa_drehscheibe-ohne-drehscheibe","12":"pa_externe-luftzufuhr-ja-mit-externem-adapter","13":"pa_externe-luftzufuhr-nein-ohne-adapter","14":"pa_feuer-ansicht-font","15":"pa_gewicht-133-kg","16":"pa_hoehe-1047-mm","17":"pa_marke-justus","18":"pa_nennleistung-55-kw","19":"pa_rauchrohranschluss-150-mm","20":"pa_tiefe-458-mm","21":"pa_typ-des-ofens-freistehend","22":"pa_verkleidung-speckstein","23":"pa_verkleidung-stahl","24":"pa_wirkungsgrad-156","26":"first","27":"instock","28":"sale","29":"taxable","30":"shipping-taxable","31":"purchasable","32":"product-type-simple"},"yoast_head":"<!-- This site is optimized with the Yoast SEO plugin v26.8 - https:\/\/yoast.com\/product\/yoast-seo-wordpress\/ -->\n<title>Justus Mino 2.0 Speckstein Top | 123-Kaminofen<\/title>\n<meta name=\"description\" content=\"Sie suchen einen Justus Mino 2.0 Speckstein Top? Dann werden Sie bei 123-Kaminofen f\u00fcndig. Der Experte f\u00fcr Nachhaltigkeit. Entdecken Sie jetzt unsere Angebote.\" \/>\n<meta name=\"robots\" content=\"index, follow, max-snippet:-1, max-image-preview:large, max-video-preview:-1\" \/>\n<link rel=\"canonical\" href=\"https:\/\/www.123-kaminofen.de\/deutsch\/produkt\/justus-mino-2-0-speckstein-top\/\" \/>\n<meta property=\"og:locale\" content=\"de_DE\" \/>\n<meta property=\"og:type\" content=\"article\" \/>\n<meta property=\"og:title\" content=\"Justus Mino 2.0 Speckstein Top | 123-Kaminofen\" \/>\n<meta property=\"og:description\" content=\"Sie suchen einen Justus Mino 2.0 Speckstein Top? Dann werden Sie bei 123-Kaminofen f\u00fcndig. Der Experte f\u00fcr Nachhaltigkeit. Entdecken Sie jetzt unsere Angebote.\" \/>\n<meta property=\"og:url\" content=\"https:\/\/www.123-kaminofen.de\/deutsch\/produkt\/justus-mino-2-0-speckstein-top\/\" \/>\n<meta property=\"og:site_name\" content=\"123-Kaminofen\" \/>\n<meta property=\"article:publisher\" content=\"https:\/\/www.facebook.com\/123kaminofen\" \/>\n<meta property=\"article:modified_time\" content=\"2025-02-06T11:11:10+00:00\" \/>\n<meta property=\"og:image\" content=\"https:\/\/www.123-kaminofen.de\/deutsch\/wp-content\/uploads\/2023\/07\/Justus_0024_Justus-Mino-2.0-Speksteen-Top.jpg\" \/>\n\t<meta property=\"og:image:width\" content=\"800\" \/>\n\t<meta property=\"og:image:height\" content=\"800\" \/>\n\t<meta property=\"og:image:type\" content=\"image\/jpeg\" \/>\n<meta name=\"twitter:card\" content=\"summary_large_image\" \/>\n<meta name=\"twitter:label1\" content=\"Gesch\u00e4tzte Lesezeit\" \/>\n\t<meta name=\"twitter:data1\" content=\"1\u00a0Minute\" \/>\n<script type=\"application\/ld+json\" class=\"yoast-schema-graph\">{\"@context\":\"https:\/\/schema.org\",\"@graph\":[{\"@type\":\"WebPage\",\"@id\":\"https:\/\/www.123-kaminofen.de\/deutsch\/produkt\/justus-mino-2-0-speckstein-top\/\",\"url\":\"https:\/\/www.123-kaminofen.de\/deutsch\/produkt\/justus-mino-2-0-speckstein-top\/\",\"name\":\"Justus Mino 2.0 Speckstein Top | 123-Kaminofen\",\"isPartOf\":{\"@id\":\"https:\/\/www.123-kaminofen.de\/deutsch\/#website\"},\"primaryImageOfPage\":{\"@id\":\"https:\/\/www.123-kaminofen.de\/deutsch\/produkt\/justus-mino-2-0-speckstein-top\/#primaryimage\"},\"image\":{\"@id\":\"https:\/\/www.123-kaminofen.de\/deutsch\/produkt\/justus-mino-2-0-speckstein-top\/#primaryimage\"},\"thumbnailUrl\":\"https:\/\/www.123-kaminofen.de\/deutsch\/wp-content\/uploads\/2023\/07\/Justus_0024_Justus-Mino-2.0-Speksteen-Top.jpg\",\"datePublished\":\"2023-07-07T14:04:28+00:00\",\"dateModified\":\"2025-02-06T11:11:10+00:00\",\"description\":\"Sie suchen einen Justus Mino 2.0 Speckstein Top? Dann werden Sie bei 123-Kaminofen f\u00fcndig. Der Experte f\u00fcr Nachhaltigkeit. Entdecken Sie jetzt unsere Angebote.\",\"breadcrumb\":{\"@id\":\"https:\/\/www.123-kaminofen.de\/deutsch\/produkt\/justus-mino-2-0-speckstein-top\/#breadcrumb\"},\"inLanguage\":\"de\",\"potentialAction\":[{\"@type\":\"ReadAction\",\"target\":[\"https:\/\/www.123-kaminofen.de\/deutsch\/produkt\/justus-mino-2-0-speckstein-top\/\"]}]},{\"@type\":\"ImageObject\",\"inLanguage\":\"de\",\"@id\":\"https:\/\/www.123-kaminofen.de\/deutsch\/produkt\/justus-mino-2-0-speckstein-top\/#primaryimage\",\"url\":\"https:\/\/www.123-kaminofen.de\/deutsch\/wp-content\/uploads\/2023\/07\/Justus_0024_Justus-Mino-2.0-Speksteen-Top.jpg\",\"contentUrl\":\"https:\/\/www.123-kaminofen.de\/deutsch\/wp-content\/uploads\/2023\/07\/Justus_0024_Justus-Mino-2.0-Speksteen-Top.jpg\",\"width\":800,\"height\":800},{\"@type\":\"BreadcrumbList\",\"@id\":\"https:\/\/www.123-kaminofen.de\/deutsch\/produkt\/justus-mino-2-0-speckstein-top\/#breadcrumb\",\"itemListElement\":[{\"@type\":\"ListItem\",\"position\":1,\"name\":\"Home\",\"item\":\"https:\/\/www.123-kaminofen.de\/deutsch\/\"},{\"@type\":\"ListItem\",\"position\":2,\"name\":\"Webshop\",\"item\":\"https:\/\/www.123-kaminofen.de\/deutsch\/winkel\/\"},{\"@type\":\"ListItem\",\"position\":3,\"name\":\"Justus Mino 2.0 Speckstein Top\"}]},{\"@type\":\"WebSite\",\"@id\":\"https:\/\/www.123-kaminofen.de\/deutsch\/#website\",\"url\":\"https:\/\/www.123-kaminofen.de\/deutsch\/\",\"name\":\"123-Kaminofen\",\"description\":\"\",\"publisher\":{\"@id\":\"https:\/\/www.123-kaminofen.de\/deutsch\/#organization\"},\"potentialAction\":[{\"@type\":\"SearchAction\",\"target\":{\"@type\":\"EntryPoint\",\"urlTemplate\":\"https:\/\/www.123-kaminofen.de\/deutsch\/?s={search_term_string}\"},\"query-input\":{\"@type\":\"PropertyValueSpecification\",\"valueRequired\":true,\"valueName\":\"search_term_string\"}}],\"inLanguage\":\"de\"},{\"@type\":\"Organization\",\"@id\":\"https:\/\/www.123-kaminofen.de\/deutsch\/#organization\",\"name\":\"Handelsbetrieb Bakker\",\"alternateName\":\"123-Kaminofen\",\"url\":\"https:\/\/www.123-kaminofen.de\/deutsch\/\",\"logo\":{\"@type\":\"ImageObject\",\"inLanguage\":\"de\",\"@id\":\"https:\/\/www.123-kaminofen.de\/deutsch\/#\/schema\/logo\/image\/\",\"url\":\"https:\/\/www.spectrumsolar.nl\/deutsch\/wp-content\/uploads\/2023\/04\/123-Kaminofen.png\",\"contentUrl\":\"https:\/\/www.spectrumsolar.nl\/deutsch\/wp-content\/uploads\/2023\/04\/123-Kaminofen.png\",\"width\":1447,\"height\":221,\"caption\":\"Handelsbetrieb Bakker\"},\"image\":{\"@id\":\"https:\/\/www.123-kaminofen.de\/deutsch\/#\/schema\/logo\/image\/\"},\"sameAs\":[\"https:\/\/www.facebook.com\/123kaminofen\",\"https:\/\/instagram.com\/123kaminofen\"]}]}<\/script>\n<!-- \/ Yoast SEO plugin. -->","yoast_head_json":{"title":"Justus Mino 2.0 Speckstein Top | 123-Kaminofen","description":"Sie suchen einen Justus Mino 2.0 Speckstein Top? Dann werden Sie bei 123-Kaminofen f\u00fcndig. Der Experte f\u00fcr Nachhaltigkeit. Entdecken Sie jetzt unsere Angebote.","robots":{"index":"index","follow":"follow","max-snippet":"max-snippet:-1","max-image-preview":"max-image-preview:large","max-video-preview":"max-video-preview:-1"},"canonical":"https:\/\/www.123-kaminofen.de\/deutsch\/produkt\/justus-mino-2-0-speckstein-top\/","og_locale":"de_DE","og_type":"article","og_title":"Justus Mino 2.0 Speckstein Top | 123-Kaminofen","og_description":"Sie suchen einen Justus Mino 2.0 Speckstein Top? Dann werden Sie bei 123-Kaminofen f\u00fcndig. Der Experte f\u00fcr Nachhaltigkeit. Entdecken Sie jetzt unsere Angebote.","og_url":"https:\/\/www.123-kaminofen.de\/deutsch\/produkt\/justus-mino-2-0-speckstein-top\/","og_site_name":"123-Kaminofen","article_publisher":"https:\/\/www.facebook.com\/123kaminofen","article_modified_time":"2025-02-06T11:11:10+00:00","og_image":[{"width":800,"height":800,"url":"https:\/\/www.123-kaminofen.de\/deutsch\/wp-content\/uploads\/2023\/07\/Justus_0024_Justus-Mino-2.0-Speksteen-Top.jpg","type":"image\/jpeg"}],"twitter_card":"summary_large_image","twitter_misc":{"Gesch\u00e4tzte Lesezeit":"1\u00a0Minute"},"schema":{"@context":"https:\/\/schema.org","@graph":[{"@type":"WebPage","@id":"https:\/\/www.123-kaminofen.de\/deutsch\/produkt\/justus-mino-2-0-speckstein-top\/","url":"https:\/\/www.123-kaminofen.de\/deutsch\/produkt\/justus-mino-2-0-speckstein-top\/","name":"Justus Mino 2.0 Speckstein Top | 123-Kaminofen","isPartOf":{"@id":"https:\/\/www.123-kaminofen.de\/deutsch\/#website"},"primaryImageOfPage":{"@id":"https:\/\/www.123-kaminofen.de\/deutsch\/produkt\/justus-mino-2-0-speckstein-top\/#primaryimage"},"image":{"@id":"https:\/\/www.123-kaminofen.de\/deutsch\/produkt\/justus-mino-2-0-speckstein-top\/#primaryimage"},"thumbnailUrl":"https:\/\/www.123-kaminofen.de\/deutsch\/wp-content\/uploads\/2023\/07\/Justus_0024_Justus-Mino-2.0-Speksteen-Top.jpg","datePublished":"2023-07-07T14:04:28+00:00","dateModified":"2025-02-06T11:11:10+00:00","description":"Sie suchen einen Justus Mino 2.0 Speckstein Top? Dann werden Sie bei 123-Kaminofen f\u00fcndig. Der Experte f\u00fcr Nachhaltigkeit. Entdecken Sie jetzt unsere Angebote.","breadcrumb":{"@id":"https:\/\/www.123-kaminofen.de\/deutsch\/produkt\/justus-mino-2-0-speckstein-top\/#breadcrumb"},"inLanguage":"de","potentialAction":[{"@type":"ReadAction","target":["https:\/\/www.123-kaminofen.de\/deutsch\/produkt\/justus-mino-2-0-speckstein-top\/"]}]},{"@type":"ImageObject","inLanguage":"de","@id":"https:\/\/www.123-kaminofen.de\/deutsch\/produkt\/justus-mino-2-0-speckstein-top\/#primaryimage","url":"https:\/\/www.123-kaminofen.de\/deutsch\/wp-content\/uploads\/2023\/07\/Justus_0024_Justus-Mino-2.0-Speksteen-Top.jpg","contentUrl":"https:\/\/www.123-kaminofen.de\/deutsch\/wp-content\/uploads\/2023\/07\/Justus_0024_Justus-Mino-2.0-Speksteen-Top.jpg","width":800,"height":800},{"@type":"BreadcrumbList","@id":"https:\/\/www.123-kaminofen.de\/deutsch\/produkt\/justus-mino-2-0-speckstein-top\/#breadcrumb","itemListElement":[{"@type":"ListItem","position":1,"name":"Home","item":"https:\/\/www.123-kaminofen.de\/deutsch\/"},{"@type":"ListItem","position":2,"name":"Webshop","item":"https:\/\/www.123-kaminofen.de\/deutsch\/winkel\/"},{"@type":"ListItem","position":3,"name":"Justus Mino 2.0 Speckstein Top"}]},{"@type":"WebSite","@id":"https:\/\/www.123-kaminofen.de\/deutsch\/#website","url":"https:\/\/www.123-kaminofen.de\/deutsch\/","name":"123-Kaminofen","description":"","publisher":{"@id":"https:\/\/www.123-kaminofen.de\/deutsch\/#organization"},"potentialAction":[{"@type":"SearchAction","target":{"@type":"EntryPoint","urlTemplate":"https:\/\/www.123-kaminofen.de\/deutsch\/?s={search_term_string}"},"query-input":{"@type":"PropertyValueSpecification","valueRequired":true,"valueName":"search_term_string"}}],"inLanguage":"de"},{"@type":"Organization","@id":"https:\/\/www.123-kaminofen.de\/deutsch\/#organization","name":"Handelsbetrieb Bakker","alternateName":"123-Kaminofen","url":"https:\/\/www.123-kaminofen.de\/deutsch\/","logo":{"@type":"ImageObject","inLanguage":"de","@id":"https:\/\/www.123-kaminofen.de\/deutsch\/#\/schema\/logo\/image\/","url":"https:\/\/www.spectrumsolar.nl\/deutsch\/wp-content\/uploads\/2023\/04\/123-Kaminofen.png","contentUrl":"https:\/\/www.spectrumsolar.nl\/deutsch\/wp-content\/uploads\/2023\/04\/123-Kaminofen.png","width":1447,"height":221,"caption":"Handelsbetrieb Bakker"},"image":{"@id":"https:\/\/www.123-kaminofen.de\/deutsch\/#\/schema\/logo\/image\/"},"sameAs":["https:\/\/www.facebook.com\/123kaminofen","https:\/\/instagram.com\/123kaminofen"]}]}},"_links":{"self":[{"href":"https:\/\/www.123-kaminofen.de\/deutsch\/wp-json\/wp\/v2\/product\/14382","targetHints":{"allow":["GET"]}}],"collection":[{"href":"https:\/\/www.123-kaminofen.de\/deutsch\/wp-json\/wp\/v2\/product"}],"about":[{"href":"https:\/\/www.123-kaminofen.de\/deutsch\/wp-json\/wp\/v2\/types\/product"}],"version-history":[{"count":4,"href":"https:\/\/www.123-kaminofen.de\/deutsch\/wp-json\/wp\/v2\/product\/14382\/revisions"}],"predecessor-version":[{"id":27990,"href":"https:\/\/www.123-kaminofen.de\/deutsch\/wp-json\/wp\/v2\/product\/14382\/revisions\/27990"}],"wp:featuredmedia":[{"embeddable":true,"href":"https:\/\/www.123-kaminofen.de\/deutsch\/wp-json\/wp\/v2\/media\/14353"}],"wp:attachment":[{"href":"https:\/\/www.123-kaminofen.de\/deutsch\/wp-json\/wp\/v2\/media?parent=14382"}],"wp:term":[{"taxonomy":"product_brand","embeddable":true,"href":"https:\/\/www.123-kaminofen.de\/deutsch\/wp-json\/wp\/v2\/product_brand?post=14382"},{"taxonomy":"product_cat","embeddable":true,"href":"https:\/\/www.123-kaminofen.de\/deutsch\/wp-json\/wp\/v2\/product_cat?post=14382"},{"taxonomy":"product_tag","embeddable":true,"href":"https:\/\/www.123-kaminofen.de\/deutsch\/wp-json\/wp\/v2\/product_tag?post=14382"}],"curies":[{"name":"wp","href":"https:\/\/api.w.org\/{rel}","templated":true}]}}