{"id":14923,"date":"2023-07-14T11:32:30","date_gmt":"2023-07-14T09:32:30","guid":{"rendered":"http:\/\/spectrumsolar.nl\/product\/justus-sirkos-2-0\/"},"modified":"2024-07-23T14:58:03","modified_gmt":"2024-07-23T12:58:03","slug":"justus-sirkos-2-0","status":"publish","type":"product","link":"https:\/\/www.123-kaminofen.de\/deutsch\/produkt\/justus-sirkos-2-0\/","title":{"rendered":"Justus Sirkos 2.0"},"content":{"rendered":"<h2>Justus Sirkos<\/h2>\n<p>Der schlichte und zugleich moderne Pelletofen Sirkos 2.0 von Justus erreicht mit einer Nennleistung von 6 kW einen Wirkungsgrad von mehr als 90 %. Mit dem Pelletofen k\u00f6nnen Sie ohne Weiteres ein Raumvolumen von <strong>bis zu 160 m\u00b3 beheizen<\/strong>.<\/p>\n<p>Der viereckige Pelletkamin besteht aus einem Korpus und einer Seitenverkleidung aus Stahl mit den Farboptionen Schwarz, Bordeauxrot, Taupe und Seidenwei\u00df.<\/p>\n<p>Im Lieferumfang sind enthalten: h\u00f6henverstellbare F\u00fc\u00dfe, WiFi-Modul smartCon, Fernbedienung<\/p>\n<p><strong>Temperaturabh\u00e4ngige Leistungsregelung<\/strong><br \/>\nDer Sirkos 2.0 wird raumgef\u00fchrt oder raumlufttemperaturabh\u00e4ngig gesteuert. Dabei betrachtet der Ofen eine vorab definierte Raumtemperatur als Zieltemperatur und regelt automatisch die Intensit\u00e4t der Verbrennung, um diese Temperatur zu erreichen oder zu halten. Auf diese Weise sorgt der Pelletkamin f\u00fcr eine gleichm\u00e4\u00dfige Temperatur im Aufstellraum, sodass Sie auf ein h\u00e4ufiges Ein- und Ausschalten verzichten k\u00f6nnen. Das schont die Umwelt, mindert den Reinigungsaufwand und spart au\u00dferdem Brennstoff und damit Geld. Legen Sie einfach die von Ihnen gew\u00fcnschte Raumtemperatur fest \u2013 Ihr Pelletofen erledigt den Rest.<\/p>\n<p><strong>Leistungsgef\u00fchrte Temperaturregelung<\/strong><br \/>\nNeben der raumgef\u00fchrten Steuerung besteht die M\u00f6glichkeit, den Pelletofen zum schnellen Aufheizen oder Abk\u00fchlen leistungsgef\u00fchrt bzw. nach Leistungsvorgabe zu betreiben.<\/p>\n<p><strong>Praktisches Bedienfeld<\/strong><br \/>\nAuf der Oberseite des Ofens befindet sich ein gro\u00dfes Bedienfeld, \u00fcber das Sie s\u00e4mtliche Funktionen des Ger\u00e4ts steuern und \u00fcberwachen k\u00f6nnen. \u00dcber das Display werden Ihnen auch eventuelle Probleme und St\u00f6rungen angezeigt, damit Sie schnell reagieren k\u00f6nnen. Sie k\u00f6nnen beispielsweise die Raum-Solltemperatur einstellen, f\u00fcr jeden Tag unterschiedliche An- und Ausschaltzeiten programmieren oder f\u00fcr eine Nachtabsenkung sorgen.<\/p>\n","protected":false},"excerpt":{"rendered":"<p><img decoding=\"async\" class=\"alignnone size-full wp-image-20521\" src=\"http:\/\/spectrumsolar.nl\/wp-content\/uploads\/2023\/05\/Energielabels_0001_Laag-5.png\" alt=\"\" width=\"83\" height=\"36\" \/><\/p>\n","protected":false},"featured_media":14880,"template":"","meta":[],"product_brand":[],"product_cat":[102],"product_tag":[],"class_list":{"0":"post-14923","1":"product","2":"type-product","3":"status-publish","4":"has-post-thumbnail","6":"product_cat-pelletofen","7":"product_shipping_class-dgo-transporteur","8":"pa_anschluss-des-ofens-hinten","9":"pa_breite-510-mm","10":"pa_erhitzt-bis-160-m","11":"pa_hoehe-1026-mm","12":"pa_inhalt-des-pelletbehaelters-35-kg","13":"pa_marke-justus","14":"pa_nennleistung-6-kw","15":"pa_rauchrohranschluss-80-mm","16":"pa_tiefe-526-mm","17":"pa_verkleidung-stahl","18":"pa_wirkungsgrad-572","20":"first","21":"instock","22":"taxable","23":"shipping-taxable","24":"purchasable","25":"product-type-simple"},"yoast_head":"<!-- This site is optimized with the Yoast SEO plugin v26.8 - https:\/\/yoast.com\/product\/yoast-seo-wordpress\/ -->\n<title>Justus Sirkos 2.0 | 123-Kaminofen<\/title>\n<meta name=\"description\" content=\"Sie suchen einen Justus Sirkos 2.0? Dann werden Sie bei 123-Kaminofen f\u00fcndig. Der Experte f\u00fcr Nachhaltigkeit. Entdecken Sie jetzt unsere Angebote.\" \/>\n<meta name=\"robots\" content=\"index, follow, max-snippet:-1, max-image-preview:large, max-video-preview:-1\" \/>\n<link rel=\"canonical\" href=\"https:\/\/www.123-kaminofen.de\/deutsch\/produkt\/justus-sirkos-2-0\/\" \/>\n<meta property=\"og:locale\" content=\"de_DE\" \/>\n<meta property=\"og:type\" content=\"article\" \/>\n<meta property=\"og:title\" content=\"Justus Sirkos 2.0 | 123-Kaminofen\" \/>\n<meta property=\"og:description\" content=\"Sie suchen einen Justus Sirkos 2.0? Dann werden Sie bei 123-Kaminofen f\u00fcndig. Der Experte f\u00fcr Nachhaltigkeit. Entdecken Sie jetzt unsere Angebote.\" \/>\n<meta property=\"og:url\" content=\"https:\/\/www.123-kaminofen.de\/deutsch\/produkt\/justus-sirkos-2-0\/\" \/>\n<meta property=\"og:site_name\" content=\"123-Kaminofen\" \/>\n<meta property=\"article:publisher\" content=\"https:\/\/www.facebook.com\/123kaminofen\" \/>\n<meta property=\"article:modified_time\" content=\"2024-07-23T12:58:03+00:00\" \/>\n<meta property=\"og:image\" content=\"https:\/\/www.123-kaminofen.de\/deutsch\/wp-content\/uploads\/2023\/07\/Justus-serie_0003_Sirkos-zwart.jpg\" \/>\n\t<meta property=\"og:image:width\" content=\"800\" \/>\n\t<meta property=\"og:image:height\" content=\"800\" \/>\n\t<meta property=\"og:image:type\" content=\"image\/jpeg\" \/>\n<meta name=\"twitter:card\" content=\"summary_large_image\" \/>\n<meta name=\"twitter:label1\" content=\"Gesch\u00e4tzte Lesezeit\" \/>\n\t<meta name=\"twitter:data1\" content=\"3\u00a0Minuten\" \/>\n<script type=\"application\/ld+json\" class=\"yoast-schema-graph\">{\"@context\":\"https:\/\/schema.org\",\"@graph\":[{\"@type\":\"WebPage\",\"@id\":\"https:\/\/www.123-kaminofen.de\/deutsch\/produkt\/justus-sirkos-2-0\/\",\"url\":\"https:\/\/www.123-kaminofen.de\/deutsch\/produkt\/justus-sirkos-2-0\/\",\"name\":\"Justus Sirkos 2.0 | 123-Kaminofen\",\"isPartOf\":{\"@id\":\"https:\/\/www.123-kaminofen.de\/deutsch\/#website\"},\"primaryImageOfPage\":{\"@id\":\"https:\/\/www.123-kaminofen.de\/deutsch\/produkt\/justus-sirkos-2-0\/#primaryimage\"},\"image\":{\"@id\":\"https:\/\/www.123-kaminofen.de\/deutsch\/produkt\/justus-sirkos-2-0\/#primaryimage\"},\"thumbnailUrl\":\"https:\/\/www.123-kaminofen.de\/deutsch\/wp-content\/uploads\/2023\/07\/Justus-serie_0003_Sirkos-zwart.jpg\",\"datePublished\":\"2023-07-14T09:32:30+00:00\",\"dateModified\":\"2024-07-23T12:58:03+00:00\",\"description\":\"Sie suchen einen Justus Sirkos 2.0? Dann werden Sie bei 123-Kaminofen f\u00fcndig. Der Experte f\u00fcr Nachhaltigkeit. Entdecken Sie jetzt unsere Angebote.\",\"breadcrumb\":{\"@id\":\"https:\/\/www.123-kaminofen.de\/deutsch\/produkt\/justus-sirkos-2-0\/#breadcrumb\"},\"inLanguage\":\"de\",\"potentialAction\":[{\"@type\":\"ReadAction\",\"target\":[\"https:\/\/www.123-kaminofen.de\/deutsch\/produkt\/justus-sirkos-2-0\/\"]}]},{\"@type\":\"ImageObject\",\"inLanguage\":\"de\",\"@id\":\"https:\/\/www.123-kaminofen.de\/deutsch\/produkt\/justus-sirkos-2-0\/#primaryimage\",\"url\":\"https:\/\/www.123-kaminofen.de\/deutsch\/wp-content\/uploads\/2023\/07\/Justus-serie_0003_Sirkos-zwart.jpg\",\"contentUrl\":\"https:\/\/www.123-kaminofen.de\/deutsch\/wp-content\/uploads\/2023\/07\/Justus-serie_0003_Sirkos-zwart.jpg\",\"width\":800,\"height\":800},{\"@type\":\"BreadcrumbList\",\"@id\":\"https:\/\/www.123-kaminofen.de\/deutsch\/produkt\/justus-sirkos-2-0\/#breadcrumb\",\"itemListElement\":[{\"@type\":\"ListItem\",\"position\":1,\"name\":\"Home\",\"item\":\"https:\/\/www.123-kaminofen.de\/deutsch\/\"},{\"@type\":\"ListItem\",\"position\":2,\"name\":\"Webshop\",\"item\":\"https:\/\/www.123-kaminofen.de\/deutsch\/winkel\/\"},{\"@type\":\"ListItem\",\"position\":3,\"name\":\"Justus Sirkos 2.0\"}]},{\"@type\":\"WebSite\",\"@id\":\"https:\/\/www.123-kaminofen.de\/deutsch\/#website\",\"url\":\"https:\/\/www.123-kaminofen.de\/deutsch\/\",\"name\":\"123-Kaminofen\",\"description\":\"\",\"publisher\":{\"@id\":\"https:\/\/www.123-kaminofen.de\/deutsch\/#organization\"},\"potentialAction\":[{\"@type\":\"SearchAction\",\"target\":{\"@type\":\"EntryPoint\",\"urlTemplate\":\"https:\/\/www.123-kaminofen.de\/deutsch\/?s={search_term_string}\"},\"query-input\":{\"@type\":\"PropertyValueSpecification\",\"valueRequired\":true,\"valueName\":\"search_term_string\"}}],\"inLanguage\":\"de\"},{\"@type\":\"Organization\",\"@id\":\"https:\/\/www.123-kaminofen.de\/deutsch\/#organization\",\"name\":\"Handelsbetrieb Bakker\",\"alternateName\":\"123-Kaminofen\",\"url\":\"https:\/\/www.123-kaminofen.de\/deutsch\/\",\"logo\":{\"@type\":\"ImageObject\",\"inLanguage\":\"de\",\"@id\":\"https:\/\/www.123-kaminofen.de\/deutsch\/#\/schema\/logo\/image\/\",\"url\":\"https:\/\/www.spectrumsolar.nl\/deutsch\/wp-content\/uploads\/2023\/04\/123-Kaminofen.png\",\"contentUrl\":\"https:\/\/www.spectrumsolar.nl\/deutsch\/wp-content\/uploads\/2023\/04\/123-Kaminofen.png\",\"width\":1447,\"height\":221,\"caption\":\"Handelsbetrieb Bakker\"},\"image\":{\"@id\":\"https:\/\/www.123-kaminofen.de\/deutsch\/#\/schema\/logo\/image\/\"},\"sameAs\":[\"https:\/\/www.facebook.com\/123kaminofen\",\"https:\/\/instagram.com\/123kaminofen\"]}]}<\/script>\n<!-- \/ Yoast SEO plugin. -->","yoast_head_json":{"title":"Justus Sirkos 2.0 | 123-Kaminofen","description":"Sie suchen einen Justus Sirkos 2.0? Dann werden Sie bei 123-Kaminofen f\u00fcndig. Der Experte f\u00fcr Nachhaltigkeit. Entdecken Sie jetzt unsere Angebote.","robots":{"index":"index","follow":"follow","max-snippet":"max-snippet:-1","max-image-preview":"max-image-preview:large","max-video-preview":"max-video-preview:-1"},"canonical":"https:\/\/www.123-kaminofen.de\/deutsch\/produkt\/justus-sirkos-2-0\/","og_locale":"de_DE","og_type":"article","og_title":"Justus Sirkos 2.0 | 123-Kaminofen","og_description":"Sie suchen einen Justus Sirkos 2.0? Dann werden Sie bei 123-Kaminofen f\u00fcndig. Der Experte f\u00fcr Nachhaltigkeit. Entdecken Sie jetzt unsere Angebote.","og_url":"https:\/\/www.123-kaminofen.de\/deutsch\/produkt\/justus-sirkos-2-0\/","og_site_name":"123-Kaminofen","article_publisher":"https:\/\/www.facebook.com\/123kaminofen","article_modified_time":"2024-07-23T12:58:03+00:00","og_image":[{"width":800,"height":800,"url":"https:\/\/www.123-kaminofen.de\/deutsch\/wp-content\/uploads\/2023\/07\/Justus-serie_0003_Sirkos-zwart.jpg","type":"image\/jpeg"}],"twitter_card":"summary_large_image","twitter_misc":{"Gesch\u00e4tzte Lesezeit":"3\u00a0Minuten"},"schema":{"@context":"https:\/\/schema.org","@graph":[{"@type":"WebPage","@id":"https:\/\/www.123-kaminofen.de\/deutsch\/produkt\/justus-sirkos-2-0\/","url":"https:\/\/www.123-kaminofen.de\/deutsch\/produkt\/justus-sirkos-2-0\/","name":"Justus Sirkos 2.0 | 123-Kaminofen","isPartOf":{"@id":"https:\/\/www.123-kaminofen.de\/deutsch\/#website"},"primaryImageOfPage":{"@id":"https:\/\/www.123-kaminofen.de\/deutsch\/produkt\/justus-sirkos-2-0\/#primaryimage"},"image":{"@id":"https:\/\/www.123-kaminofen.de\/deutsch\/produkt\/justus-sirkos-2-0\/#primaryimage"},"thumbnailUrl":"https:\/\/www.123-kaminofen.de\/deutsch\/wp-content\/uploads\/2023\/07\/Justus-serie_0003_Sirkos-zwart.jpg","datePublished":"2023-07-14T09:32:30+00:00","dateModified":"2024-07-23T12:58:03+00:00","description":"Sie suchen einen Justus Sirkos 2.0? Dann werden Sie bei 123-Kaminofen f\u00fcndig. Der Experte f\u00fcr Nachhaltigkeit. Entdecken Sie jetzt unsere Angebote.","breadcrumb":{"@id":"https:\/\/www.123-kaminofen.de\/deutsch\/produkt\/justus-sirkos-2-0\/#breadcrumb"},"inLanguage":"de","potentialAction":[{"@type":"ReadAction","target":["https:\/\/www.123-kaminofen.de\/deutsch\/produkt\/justus-sirkos-2-0\/"]}]},{"@type":"ImageObject","inLanguage":"de","@id":"https:\/\/www.123-kaminofen.de\/deutsch\/produkt\/justus-sirkos-2-0\/#primaryimage","url":"https:\/\/www.123-kaminofen.de\/deutsch\/wp-content\/uploads\/2023\/07\/Justus-serie_0003_Sirkos-zwart.jpg","contentUrl":"https:\/\/www.123-kaminofen.de\/deutsch\/wp-content\/uploads\/2023\/07\/Justus-serie_0003_Sirkos-zwart.jpg","width":800,"height":800},{"@type":"BreadcrumbList","@id":"https:\/\/www.123-kaminofen.de\/deutsch\/produkt\/justus-sirkos-2-0\/#breadcrumb","itemListElement":[{"@type":"ListItem","position":1,"name":"Home","item":"https:\/\/www.123-kaminofen.de\/deutsch\/"},{"@type":"ListItem","position":2,"name":"Webshop","item":"https:\/\/www.123-kaminofen.de\/deutsch\/winkel\/"},{"@type":"ListItem","position":3,"name":"Justus Sirkos 2.0"}]},{"@type":"WebSite","@id":"https:\/\/www.123-kaminofen.de\/deutsch\/#website","url":"https:\/\/www.123-kaminofen.de\/deutsch\/","name":"123-Kaminofen","description":"","publisher":{"@id":"https:\/\/www.123-kaminofen.de\/deutsch\/#organization"},"potentialAction":[{"@type":"SearchAction","target":{"@type":"EntryPoint","urlTemplate":"https:\/\/www.123-kaminofen.de\/deutsch\/?s={search_term_string}"},"query-input":{"@type":"PropertyValueSpecification","valueRequired":true,"valueName":"search_term_string"}}],"inLanguage":"de"},{"@type":"Organization","@id":"https:\/\/www.123-kaminofen.de\/deutsch\/#organization","name":"Handelsbetrieb Bakker","alternateName":"123-Kaminofen","url":"https:\/\/www.123-kaminofen.de\/deutsch\/","logo":{"@type":"ImageObject","inLanguage":"de","@id":"https:\/\/www.123-kaminofen.de\/deutsch\/#\/schema\/logo\/image\/","url":"https:\/\/www.spectrumsolar.nl\/deutsch\/wp-content\/uploads\/2023\/04\/123-Kaminofen.png","contentUrl":"https:\/\/www.spectrumsolar.nl\/deutsch\/wp-content\/uploads\/2023\/04\/123-Kaminofen.png","width":1447,"height":221,"caption":"Handelsbetrieb Bakker"},"image":{"@id":"https:\/\/www.123-kaminofen.de\/deutsch\/#\/schema\/logo\/image\/"},"sameAs":["https:\/\/www.facebook.com\/123kaminofen","https:\/\/instagram.com\/123kaminofen"]}]}},"_links":{"self":[{"href":"https:\/\/www.123-kaminofen.de\/deutsch\/wp-json\/wp\/v2\/product\/14923","targetHints":{"allow":["GET"]}}],"collection":[{"href":"https:\/\/www.123-kaminofen.de\/deutsch\/wp-json\/wp\/v2\/product"}],"about":[{"href":"https:\/\/www.123-kaminofen.de\/deutsch\/wp-json\/wp\/v2\/types\/product"}],"version-history":[{"count":1,"href":"https:\/\/www.123-kaminofen.de\/deutsch\/wp-json\/wp\/v2\/product\/14923\/revisions"}],"predecessor-version":[{"id":27609,"href":"https:\/\/www.123-kaminofen.de\/deutsch\/wp-json\/wp\/v2\/product\/14923\/revisions\/27609"}],"wp:featuredmedia":[{"embeddable":true,"href":"https:\/\/www.123-kaminofen.de\/deutsch\/wp-json\/wp\/v2\/media\/14880"}],"wp:attachment":[{"href":"https:\/\/www.123-kaminofen.de\/deutsch\/wp-json\/wp\/v2\/media?parent=14923"}],"wp:term":[{"taxonomy":"product_brand","embeddable":true,"href":"https:\/\/www.123-kaminofen.de\/deutsch\/wp-json\/wp\/v2\/product_brand?post=14923"},{"taxonomy":"product_cat","embeddable":true,"href":"https:\/\/www.123-kaminofen.de\/deutsch\/wp-json\/wp\/v2\/product_cat?post=14923"},{"taxonomy":"product_tag","embeddable":true,"href":"https:\/\/www.123-kaminofen.de\/deutsch\/wp-json\/wp\/v2\/product_tag?post=14923"}],"curies":[{"name":"wp","href":"https:\/\/api.w.org\/{rel}","templated":true}]}}