{"id":15925,"date":"2023-07-26T16:21:27","date_gmt":"2023-07-26T14:21:27","guid":{"rendered":"http:\/\/spectrumsolar.nl\/product\/44-cm-wanddoorvoer-inkortbaar-gepoedercoat\/"},"modified":"2024-06-19T13:47:57","modified_gmt":"2024-06-19T11:47:57","slug":"44-cm-wanddurchfuehrung-kuerzbar-matt-schwarz","status":"publish","type":"product","link":"https:\/\/www.123-kaminofen.de\/deutsch\/produkt\/44-cm-wanddurchfuehrung-kuerzbar-matt-schwarz\/","title":{"rendered":"44 cm Wanddurchf\u00fchrung k\u00fcrzbar matt schwarz"},"content":{"rendered":"<h2>Wanddoorvoer inkortbaar<\/h2>\n<p>Onze inkortbare wanddoorvoer van 44 cm biedt de perfecte oplossing voor het aansluiten van jouw kachelpijp op een buitenmuur. Deze dubbelwandige wanddoorvoer is vakkundig gepoedercoat in RAL kleur 9005 en past naadloos bij elke stijl. Met een binnendiameter van 150 mm en een isolatiedikte van 30 mm zorgt deze doorvoer voor een uitstekende warmte-isolatie en een effici\u00ebnt verwarmingssysteem. Profiteer van onze 25-jarige garantie en bestel vandaag nog voor een gezellige en warme sfeer.<\/p>\n","protected":false},"excerpt":{"rendered":"<p>Wanddoorvoer inkortbaar Onze inkortbare wanddoorvoer van 44 cm biedt de perfecte oplossing voor het aansluiten van jouw kachelpijp op een<\/p>\n","protected":false},"featured_media":15661,"template":"","meta":[],"product_brand":[],"product_cat":[1201],"product_tag":[],"class_list":{"0":"post-15925","1":"product","2":"type-product","3":"status-publish","4":"has-post-thumbnail","6":"product_cat-doppelwandiges-ofenrohr","7":"product_shipping_class-standaard-pakket","8":"pa_betriebstemperatur-maximal-600c","9":"pa_dicke-der-isolierung-30-mm","10":"pa_farbe-des-rauchrohrs-schwarz-matt","11":"pa_produkttyp-3-komponenten","13":"first","14":"instock","15":"taxable","16":"shipping-taxable","17":"purchasable","18":"product-type-simple"},"yoast_head":"<!-- This site is optimized with the Yoast SEO plugin v26.8 - https:\/\/yoast.com\/product\/yoast-seo-wordpress\/ -->\n<title>44 cm Wanddurchf\u00fchrung k\u00fcrzbar matt schwarz | 123-Kaminofen<\/title>\n<meta name=\"description\" content=\"Sie suchen einen 44 cm Wanddurchf\u00fchrung k\u00fcrzbar matt schwarz? Dann werden Sie bei 123-Kaminofen f\u00fcndig. Der Experte f\u00fcr Nachhaltigkeit. Entdecken Sie jetzt unsere Angebote.\" \/>\n<meta name=\"robots\" content=\"index, follow, max-snippet:-1, max-image-preview:large, max-video-preview:-1\" \/>\n<link rel=\"canonical\" href=\"https:\/\/www.123-kaminofen.de\/deutsch\/produkt\/44-cm-wanddurchfuehrung-kuerzbar-matt-schwarz\/\" \/>\n<meta property=\"og:locale\" content=\"de_DE\" \/>\n<meta property=\"og:type\" content=\"article\" \/>\n<meta property=\"og:title\" content=\"44 cm Wanddurchf\u00fchrung k\u00fcrzbar matt schwarz | 123-Kaminofen\" \/>\n<meta property=\"og:description\" content=\"Sie suchen einen 44 cm Wanddurchf\u00fchrung k\u00fcrzbar matt schwarz? Dann werden Sie bei 123-Kaminofen f\u00fcndig. Der Experte f\u00fcr Nachhaltigkeit. Entdecken Sie jetzt unsere Angebote.\" \/>\n<meta property=\"og:url\" content=\"https:\/\/www.123-kaminofen.de\/deutsch\/produkt\/44-cm-wanddurchfuehrung-kuerzbar-matt-schwarz\/\" \/>\n<meta property=\"og:site_name\" content=\"123-Kaminofen\" \/>\n<meta property=\"article:publisher\" content=\"https:\/\/www.facebook.com\/123kaminofen\" \/>\n<meta property=\"article:modified_time\" content=\"2024-06-19T11:47:57+00:00\" \/>\n<meta property=\"og:image\" content=\"https:\/\/www.123-kaminofen.de\/deutsch\/wp-content\/uploads\/2023\/07\/Rookkanaal-black_0001_Laag-7.jpg\" \/>\n\t<meta property=\"og:image:width\" content=\"800\" \/>\n\t<meta property=\"og:image:height\" content=\"800\" \/>\n\t<meta property=\"og:image:type\" content=\"image\/jpeg\" \/>\n<meta name=\"twitter:card\" content=\"summary_large_image\" \/>\n<meta name=\"twitter:label1\" content=\"Gesch\u00e4tzte Lesezeit\" \/>\n\t<meta name=\"twitter:data1\" content=\"1\u00a0Minute\" \/>\n<script type=\"application\/ld+json\" class=\"yoast-schema-graph\">{\"@context\":\"https:\/\/schema.org\",\"@graph\":[{\"@type\":\"WebPage\",\"@id\":\"https:\/\/www.123-kaminofen.de\/deutsch\/produkt\/44-cm-wanddurchfuehrung-kuerzbar-matt-schwarz\/\",\"url\":\"https:\/\/www.123-kaminofen.de\/deutsch\/produkt\/44-cm-wanddurchfuehrung-kuerzbar-matt-schwarz\/\",\"name\":\"44 cm Wanddurchf\u00fchrung k\u00fcrzbar matt schwarz | 123-Kaminofen\",\"isPartOf\":{\"@id\":\"https:\/\/www.123-kaminofen.de\/deutsch\/#website\"},\"primaryImageOfPage\":{\"@id\":\"https:\/\/www.123-kaminofen.de\/deutsch\/produkt\/44-cm-wanddurchfuehrung-kuerzbar-matt-schwarz\/#primaryimage\"},\"image\":{\"@id\":\"https:\/\/www.123-kaminofen.de\/deutsch\/produkt\/44-cm-wanddurchfuehrung-kuerzbar-matt-schwarz\/#primaryimage\"},\"thumbnailUrl\":\"https:\/\/www.123-kaminofen.de\/deutsch\/wp-content\/uploads\/2023\/07\/Rookkanaal-black_0001_Laag-7.jpg\",\"datePublished\":\"2023-07-26T14:21:27+00:00\",\"dateModified\":\"2024-06-19T11:47:57+00:00\",\"description\":\"Sie suchen einen 44 cm Wanddurchf\u00fchrung k\u00fcrzbar matt schwarz? Dann werden Sie bei 123-Kaminofen f\u00fcndig. Der Experte f\u00fcr Nachhaltigkeit. Entdecken Sie jetzt unsere Angebote.\",\"breadcrumb\":{\"@id\":\"https:\/\/www.123-kaminofen.de\/deutsch\/produkt\/44-cm-wanddurchfuehrung-kuerzbar-matt-schwarz\/#breadcrumb\"},\"inLanguage\":\"de\",\"potentialAction\":[{\"@type\":\"ReadAction\",\"target\":[\"https:\/\/www.123-kaminofen.de\/deutsch\/produkt\/44-cm-wanddurchfuehrung-kuerzbar-matt-schwarz\/\"]}]},{\"@type\":\"ImageObject\",\"inLanguage\":\"de\",\"@id\":\"https:\/\/www.123-kaminofen.de\/deutsch\/produkt\/44-cm-wanddurchfuehrung-kuerzbar-matt-schwarz\/#primaryimage\",\"url\":\"https:\/\/www.123-kaminofen.de\/deutsch\/wp-content\/uploads\/2023\/07\/Rookkanaal-black_0001_Laag-7.jpg\",\"contentUrl\":\"https:\/\/www.123-kaminofen.de\/deutsch\/wp-content\/uploads\/2023\/07\/Rookkanaal-black_0001_Laag-7.jpg\",\"width\":800,\"height\":800},{\"@type\":\"BreadcrumbList\",\"@id\":\"https:\/\/www.123-kaminofen.de\/deutsch\/produkt\/44-cm-wanddurchfuehrung-kuerzbar-matt-schwarz\/#breadcrumb\",\"itemListElement\":[{\"@type\":\"ListItem\",\"position\":1,\"name\":\"Home\",\"item\":\"https:\/\/www.123-kaminofen.de\/deutsch\/\"},{\"@type\":\"ListItem\",\"position\":2,\"name\":\"Webshop\",\"item\":\"https:\/\/www.123-kaminofen.de\/deutsch\/winkel\/\"},{\"@type\":\"ListItem\",\"position\":3,\"name\":\"44 cm Wanddurchf\u00fchrung k\u00fcrzbar matt schwarz\"}]},{\"@type\":\"WebSite\",\"@id\":\"https:\/\/www.123-kaminofen.de\/deutsch\/#website\",\"url\":\"https:\/\/www.123-kaminofen.de\/deutsch\/\",\"name\":\"123-Kaminofen\",\"description\":\"\",\"publisher\":{\"@id\":\"https:\/\/www.123-kaminofen.de\/deutsch\/#organization\"},\"potentialAction\":[{\"@type\":\"SearchAction\",\"target\":{\"@type\":\"EntryPoint\",\"urlTemplate\":\"https:\/\/www.123-kaminofen.de\/deutsch\/?s={search_term_string}\"},\"query-input\":{\"@type\":\"PropertyValueSpecification\",\"valueRequired\":true,\"valueName\":\"search_term_string\"}}],\"inLanguage\":\"de\"},{\"@type\":\"Organization\",\"@id\":\"https:\/\/www.123-kaminofen.de\/deutsch\/#organization\",\"name\":\"Handelsbetrieb Bakker\",\"alternateName\":\"123-Kaminofen\",\"url\":\"https:\/\/www.123-kaminofen.de\/deutsch\/\",\"logo\":{\"@type\":\"ImageObject\",\"inLanguage\":\"de\",\"@id\":\"https:\/\/www.123-kaminofen.de\/deutsch\/#\/schema\/logo\/image\/\",\"url\":\"https:\/\/www.spectrumsolar.nl\/deutsch\/wp-content\/uploads\/2023\/04\/123-Kaminofen.png\",\"contentUrl\":\"https:\/\/www.spectrumsolar.nl\/deutsch\/wp-content\/uploads\/2023\/04\/123-Kaminofen.png\",\"width\":1447,\"height\":221,\"caption\":\"Handelsbetrieb Bakker\"},\"image\":{\"@id\":\"https:\/\/www.123-kaminofen.de\/deutsch\/#\/schema\/logo\/image\/\"},\"sameAs\":[\"https:\/\/www.facebook.com\/123kaminofen\",\"https:\/\/instagram.com\/123kaminofen\"]}]}<\/script>\n<!-- \/ Yoast SEO plugin. -->","yoast_head_json":{"title":"44 cm Wanddurchf\u00fchrung k\u00fcrzbar matt schwarz | 123-Kaminofen","description":"Sie suchen einen 44 cm Wanddurchf\u00fchrung k\u00fcrzbar matt schwarz? Dann werden Sie bei 123-Kaminofen f\u00fcndig. Der Experte f\u00fcr Nachhaltigkeit. Entdecken Sie jetzt unsere Angebote.","robots":{"index":"index","follow":"follow","max-snippet":"max-snippet:-1","max-image-preview":"max-image-preview:large","max-video-preview":"max-video-preview:-1"},"canonical":"https:\/\/www.123-kaminofen.de\/deutsch\/produkt\/44-cm-wanddurchfuehrung-kuerzbar-matt-schwarz\/","og_locale":"de_DE","og_type":"article","og_title":"44 cm Wanddurchf\u00fchrung k\u00fcrzbar matt schwarz | 123-Kaminofen","og_description":"Sie suchen einen 44 cm Wanddurchf\u00fchrung k\u00fcrzbar matt schwarz? Dann werden Sie bei 123-Kaminofen f\u00fcndig. Der Experte f\u00fcr Nachhaltigkeit. Entdecken Sie jetzt unsere Angebote.","og_url":"https:\/\/www.123-kaminofen.de\/deutsch\/produkt\/44-cm-wanddurchfuehrung-kuerzbar-matt-schwarz\/","og_site_name":"123-Kaminofen","article_publisher":"https:\/\/www.facebook.com\/123kaminofen","article_modified_time":"2024-06-19T11:47:57+00:00","og_image":[{"width":800,"height":800,"url":"https:\/\/www.123-kaminofen.de\/deutsch\/wp-content\/uploads\/2023\/07\/Rookkanaal-black_0001_Laag-7.jpg","type":"image\/jpeg"}],"twitter_card":"summary_large_image","twitter_misc":{"Gesch\u00e4tzte Lesezeit":"1\u00a0Minute"},"schema":{"@context":"https:\/\/schema.org","@graph":[{"@type":"WebPage","@id":"https:\/\/www.123-kaminofen.de\/deutsch\/produkt\/44-cm-wanddurchfuehrung-kuerzbar-matt-schwarz\/","url":"https:\/\/www.123-kaminofen.de\/deutsch\/produkt\/44-cm-wanddurchfuehrung-kuerzbar-matt-schwarz\/","name":"44 cm Wanddurchf\u00fchrung k\u00fcrzbar matt schwarz | 123-Kaminofen","isPartOf":{"@id":"https:\/\/www.123-kaminofen.de\/deutsch\/#website"},"primaryImageOfPage":{"@id":"https:\/\/www.123-kaminofen.de\/deutsch\/produkt\/44-cm-wanddurchfuehrung-kuerzbar-matt-schwarz\/#primaryimage"},"image":{"@id":"https:\/\/www.123-kaminofen.de\/deutsch\/produkt\/44-cm-wanddurchfuehrung-kuerzbar-matt-schwarz\/#primaryimage"},"thumbnailUrl":"https:\/\/www.123-kaminofen.de\/deutsch\/wp-content\/uploads\/2023\/07\/Rookkanaal-black_0001_Laag-7.jpg","datePublished":"2023-07-26T14:21:27+00:00","dateModified":"2024-06-19T11:47:57+00:00","description":"Sie suchen einen 44 cm Wanddurchf\u00fchrung k\u00fcrzbar matt schwarz? Dann werden Sie bei 123-Kaminofen f\u00fcndig. Der Experte f\u00fcr Nachhaltigkeit. Entdecken Sie jetzt unsere Angebote.","breadcrumb":{"@id":"https:\/\/www.123-kaminofen.de\/deutsch\/produkt\/44-cm-wanddurchfuehrung-kuerzbar-matt-schwarz\/#breadcrumb"},"inLanguage":"de","potentialAction":[{"@type":"ReadAction","target":["https:\/\/www.123-kaminofen.de\/deutsch\/produkt\/44-cm-wanddurchfuehrung-kuerzbar-matt-schwarz\/"]}]},{"@type":"ImageObject","inLanguage":"de","@id":"https:\/\/www.123-kaminofen.de\/deutsch\/produkt\/44-cm-wanddurchfuehrung-kuerzbar-matt-schwarz\/#primaryimage","url":"https:\/\/www.123-kaminofen.de\/deutsch\/wp-content\/uploads\/2023\/07\/Rookkanaal-black_0001_Laag-7.jpg","contentUrl":"https:\/\/www.123-kaminofen.de\/deutsch\/wp-content\/uploads\/2023\/07\/Rookkanaal-black_0001_Laag-7.jpg","width":800,"height":800},{"@type":"BreadcrumbList","@id":"https:\/\/www.123-kaminofen.de\/deutsch\/produkt\/44-cm-wanddurchfuehrung-kuerzbar-matt-schwarz\/#breadcrumb","itemListElement":[{"@type":"ListItem","position":1,"name":"Home","item":"https:\/\/www.123-kaminofen.de\/deutsch\/"},{"@type":"ListItem","position":2,"name":"Webshop","item":"https:\/\/www.123-kaminofen.de\/deutsch\/winkel\/"},{"@type":"ListItem","position":3,"name":"44 cm Wanddurchf\u00fchrung k\u00fcrzbar matt schwarz"}]},{"@type":"WebSite","@id":"https:\/\/www.123-kaminofen.de\/deutsch\/#website","url":"https:\/\/www.123-kaminofen.de\/deutsch\/","name":"123-Kaminofen","description":"","publisher":{"@id":"https:\/\/www.123-kaminofen.de\/deutsch\/#organization"},"potentialAction":[{"@type":"SearchAction","target":{"@type":"EntryPoint","urlTemplate":"https:\/\/www.123-kaminofen.de\/deutsch\/?s={search_term_string}"},"query-input":{"@type":"PropertyValueSpecification","valueRequired":true,"valueName":"search_term_string"}}],"inLanguage":"de"},{"@type":"Organization","@id":"https:\/\/www.123-kaminofen.de\/deutsch\/#organization","name":"Handelsbetrieb Bakker","alternateName":"123-Kaminofen","url":"https:\/\/www.123-kaminofen.de\/deutsch\/","logo":{"@type":"ImageObject","inLanguage":"de","@id":"https:\/\/www.123-kaminofen.de\/deutsch\/#\/schema\/logo\/image\/","url":"https:\/\/www.spectrumsolar.nl\/deutsch\/wp-content\/uploads\/2023\/04\/123-Kaminofen.png","contentUrl":"https:\/\/www.spectrumsolar.nl\/deutsch\/wp-content\/uploads\/2023\/04\/123-Kaminofen.png","width":1447,"height":221,"caption":"Handelsbetrieb Bakker"},"image":{"@id":"https:\/\/www.123-kaminofen.de\/deutsch\/#\/schema\/logo\/image\/"},"sameAs":["https:\/\/www.facebook.com\/123kaminofen","https:\/\/instagram.com\/123kaminofen"]}]}},"_links":{"self":[{"href":"https:\/\/www.123-kaminofen.de\/deutsch\/wp-json\/wp\/v2\/product\/15925","targetHints":{"allow":["GET"]}}],"collection":[{"href":"https:\/\/www.123-kaminofen.de\/deutsch\/wp-json\/wp\/v2\/product"}],"about":[{"href":"https:\/\/www.123-kaminofen.de\/deutsch\/wp-json\/wp\/v2\/types\/product"}],"version-history":[{"count":1,"href":"https:\/\/www.123-kaminofen.de\/deutsch\/wp-json\/wp\/v2\/product\/15925\/revisions"}],"predecessor-version":[{"id":27419,"href":"https:\/\/www.123-kaminofen.de\/deutsch\/wp-json\/wp\/v2\/product\/15925\/revisions\/27419"}],"wp:featuredmedia":[{"embeddable":true,"href":"https:\/\/www.123-kaminofen.de\/deutsch\/wp-json\/wp\/v2\/media\/15661"}],"wp:attachment":[{"href":"https:\/\/www.123-kaminofen.de\/deutsch\/wp-json\/wp\/v2\/media?parent=15925"}],"wp:term":[{"taxonomy":"product_brand","embeddable":true,"href":"https:\/\/www.123-kaminofen.de\/deutsch\/wp-json\/wp\/v2\/product_brand?post=15925"},{"taxonomy":"product_cat","embeddable":true,"href":"https:\/\/www.123-kaminofen.de\/deutsch\/wp-json\/wp\/v2\/product_cat?post=15925"},{"taxonomy":"product_tag","embeddable":true,"href":"https:\/\/www.123-kaminofen.de\/deutsch\/wp-json\/wp\/v2\/product_tag?post=15925"}],"curies":[{"name":"wp","href":"https:\/\/api.w.org\/{rel}","templated":true}]}}